{"id":4540,"date":"2021-04-23T15:37:07","date_gmt":"2021-04-23T15:37:07","guid":{"rendered":"https:\/\/emerex.com\/?page_id=4540"},"modified":"2021-05-06T14:19:24","modified_gmt":"2021-05-06T14:19:24","slug":"marmol","status":"publish","type":"page","link":"https:\/\/emerex.com\/es\/piedranatural\/marmol\/","title":{"rendered":"M\u00e1rmoles"},"content":{"rendered":"<div class=\"flex_column av_one_full  flex_column_div first  \" style='padding:20px 0 0 0 ; border-radius:0px; '><section class=\"av_textblock_section \"  itemscope=\"itemscope\" itemtype=\"https:\/\/schema.org\/CreativeWork\" ><div class='avia_textblock  '   itemprop=\"text\" ><h1 style=\"text-align: center;\">M\u00c1RMOL<\/h1>\n<div class=\"category-term-description\">\n<p style=\"text-align: center;\">El m\u00e1rmol es una roca metam\u00f3rfica compacta formada a partir de rocas calizas que, sometidas a elevadas temperaturas y presiones, alcanzan un alto grado de cristalizaci\u00f3n. El componente b\u00e1sico del m\u00e1rmol es el carbonato c\u00e1lcico, cuyo contenido supera el 90%; ese otro 10% restante son los dem\u00e1s componentes que dan su color y caracter\u00edsticas f\u00edsicas al m\u00e1rmol. Tras un proceso de pulido por abrasi\u00f3n el m\u00e1rmol alcanza alto nivel de brillo natural, es decir, sin ceras ni componentes qu\u00edmicos.<\/p>\n<\/div>\n<\/div><\/section><br \/>\n<section class=\"av_textblock_section \"  itemscope=\"itemscope\" itemtype=\"https:\/\/schema.org\/CreativeWork\" ><div class='avia_textblock  '   itemprop=\"text\" ><p style=\"text-align: center;\"><span style=\"color: #000000;\"><a href=\"https:\/\/emerex.com\/es\/piedranatural\/\">Piedra Natural<\/a> &gt; <span style=\"color: #afa8a5;\">M\u00e1rmoles<\/span><\/span><\/p>\n<\/div><\/section><\/p><\/div><div  class='hr hr-default  '><span class='hr-inner ' ><span class='hr-inner-style'><\/span><\/span><\/div><\/p>\n<div class=\"flex_column av_one_full  flex_column_div av-zero-column-padding first  \" style='border-radius:0px; '><p><div style='padding-bottom:10px; ' class='av-special-heading av-special-heading-h2  blockquote modern-quote   '><h2 class='av-special-heading-tag '  itemprop=\"headline\"  >Colecci\u00f3n de M\u00e1rmol<\/h2><div class='special-heading-border'><div class='special-heading-inner-border' ><\/div><\/div><\/div><br \/>\n<div class='sort_width_container  av-sort-yes' data-portfolio-id='1' ><div id='js_sort_items' ><div class='sort_by_cat hidden '><a href=\"#\" data-filter=\"all_sort\" class=\"all_sort_button active_sort\"><span class=\"inner_sort_button\"><span>Todo<\/span><small class=\"av-cat-count\"> 18 <\/small><\/span><\/a><\/div><\/div><\/div><div class=' grid-sort-container isotope   no_margin-container with-excerpt-container grid-total-even grid-col-3 grid-links-' data-portfolio-id='1'><div data-ajax-id='1316' class=' grid-entry flex_column isotope-item all_sort no_margin post-entry post-entry-1316 grid-entry-overview grid-loop-1 grid-parity-odd  marmoles_sort materiales_sort  av_one_third first default_av_fullwidth '><article class='main_color inner-entry'  itemscope=\"itemscope\" itemtype=\"https:\/\/schema.org\/CreativeWork\" ><a href='https:\/\/emerex.com\/es\/piedra-natural\/crema-marfil\/' title='CREMA MARFIL'  data-rel='grid-1' class='grid-image avia-hover-fx'><img width=\"495\" height=\"400\" src=\"https:\/\/emerex.com\/wp-content\/uploads\/2018\/11\/Crema-Marfill-.-495x400.jpg\" class=\"attachment-portfolio size-portfolio wp-post-image\" alt=\"\" loading=\"lazy\" srcset=\"https:\/\/emerex.com\/wp-content\/uploads\/2018\/11\/Crema-Marfill-.-495x400.jpg 495w, https:\/\/emerex.com\/wp-content\/uploads\/2018\/11\/Crema-Marfill-.-845x684.jpg 845w\" sizes=\"(max-width: 495px) 100vw, 495px\" \/><\/a><div class='grid-content'><div class='avia-arrow'><\/div><header class=\"entry-content-header\"><h3 class='grid-entry-title entry-title'  itemprop=\"headline\" ><a href='https:\/\/emerex.com\/es\/piedra-natural\/crema-marfil\/' title='CREMA MARFIL'>CREMA MARFIL<\/a><\/h3><\/header><\/div><footer class=\"entry-footer\"><\/footer><\/article><\/div><div data-ajax-id='1435' class=' grid-entry flex_column isotope-item all_sort no_margin post-entry post-entry-1435 grid-entry-overview grid-loop-2 grid-parity-even  marmoles_sort materiales_sort  av_one_third  default_av_fullwidth '><article class='main_color inner-entry'  itemscope=\"itemscope\" itemtype=\"https:\/\/schema.org\/CreativeWork\" ><a href='https:\/\/emerex.com\/es\/piedra-natural\/rojo-alicante\/' title='ROJO ALICANTE'  data-rel='grid-1' class='grid-image avia-hover-fx'><img width=\"495\" height=\"400\" src=\"https:\/\/emerex.com\/wp-content\/uploads\/2018\/09\/Rojo-Alicante-495x400.jpg\" class=\"attachment-portfolio size-portfolio wp-post-image\" alt=\"\" loading=\"lazy\" \/><\/a><div class='grid-content'><div class='avia-arrow'><\/div><header class=\"entry-content-header\"><h3 class='grid-entry-title entry-title'  itemprop=\"headline\" ><a href='https:\/\/emerex.com\/es\/piedra-natural\/rojo-alicante\/' title='ROJO ALICANTE'>ROJO ALICANTE<\/a><\/h3><\/header><\/div><footer class=\"entry-footer\"><\/footer><\/article><\/div><div data-ajax-id='1466' class=' grid-entry flex_column isotope-item all_sort no_margin post-entry post-entry-1466 grid-entry-overview grid-loop-3 grid-parity-odd  marmoles_sort materiales_sort  av_one_third  default_av_fullwidth '><article class='main_color inner-entry'  itemscope=\"itemscope\" itemtype=\"https:\/\/schema.org\/CreativeWork\" ><a href='https:\/\/emerex.com\/es\/piedra-natural\/negro-marquina\/' title='NEGRO MARQUINA'  data-rel='grid-1' class='grid-image avia-hover-fx'><img width=\"495\" height=\"400\" src=\"https:\/\/emerex.com\/wp-content\/uploads\/2018\/11\/Negro-Marquina-495x400.jpg\" class=\"attachment-portfolio size-portfolio wp-post-image\" alt=\"\" loading=\"lazy\" \/><\/a><div class='grid-content'><div class='avia-arrow'><\/div><header class=\"entry-content-header\"><h3 class='grid-entry-title entry-title'  itemprop=\"headline\" ><a href='https:\/\/emerex.com\/es\/piedra-natural\/negro-marquina\/' title='NEGRO MARQUINA'>NEGRO MARQUINA<\/a><\/h3><\/header><\/div><footer class=\"entry-footer\"><\/footer><\/article><\/div><div data-ajax-id='2288' class=' grid-entry flex_column isotope-item all_sort no_margin post-entry post-entry-2288 grid-entry-overview grid-loop-4 grid-parity-even  marmoles_sort materiales_sort  av_one_third first default_av_fullwidth '><article class='main_color inner-entry'  itemscope=\"itemscope\" itemtype=\"https:\/\/schema.org\/CreativeWork\" ><a href='https:\/\/emerex.com\/es\/piedra-natural\/gris-banus\/' title='GRIS BANUS'  data-rel='grid-1' class='grid-image avia-hover-fx'><img width=\"495\" height=\"400\" src=\"https:\/\/emerex.com\/wp-content\/uploads\/2018\/10\/Gris-Banus-2-495x400.jpg\" class=\"attachment-portfolio size-portfolio wp-post-image\" alt=\"\" loading=\"lazy\" srcset=\"https:\/\/emerex.com\/wp-content\/uploads\/2018\/10\/Gris-Banus-2-495x400.jpg 495w, https:\/\/emerex.com\/wp-content\/uploads\/2018\/10\/Gris-Banus-2-845x684.jpg 845w\" sizes=\"(max-width: 495px) 100vw, 495px\" \/><\/a><div class='grid-content'><div class='avia-arrow'><\/div><header class=\"entry-content-header\"><h3 class='grid-entry-title entry-title'  itemprop=\"headline\" ><a href='https:\/\/emerex.com\/es\/piedra-natural\/gris-banus\/' title='GRIS BANUS'>GRIS BANUS<\/a><\/h3><\/header><\/div><footer class=\"entry-footer\"><\/footer><\/article><\/div><div data-ajax-id='1826' class=' grid-entry flex_column isotope-item all_sort no_margin post-entry post-entry-1826 grid-entry-overview grid-loop-5 grid-parity-odd  marmoles_sort materiales_sort  av_one_third  default_av_fullwidth '><article class='main_color inner-entry'  itemscope=\"itemscope\" itemtype=\"https:\/\/schema.org\/CreativeWork\" ><a href='https:\/\/emerex.com\/es\/piedra-natural\/blanco-nieve\/' title='BLANCO NIEVE'  data-rel='grid-1' class='grid-image avia-hover-fx'><img width=\"495\" height=\"400\" src=\"https:\/\/emerex.com\/wp-content\/uploads\/2018\/09\/Blanco-Nieve-495x400.jpg\" class=\"attachment-portfolio size-portfolio wp-post-image\" alt=\"\" loading=\"lazy\" srcset=\"https:\/\/emerex.com\/wp-content\/uploads\/2018\/09\/Blanco-Nieve-495x400.jpg 495w, https:\/\/emerex.com\/wp-content\/uploads\/2018\/09\/Blanco-Nieve-845x684.jpg 845w\" sizes=\"(max-width: 495px) 100vw, 495px\" \/><\/a><div class='grid-content'><div class='avia-arrow'><\/div><header class=\"entry-content-header\"><h3 class='grid-entry-title entry-title'  itemprop=\"headline\" ><a href='https:\/\/emerex.com\/es\/piedra-natural\/blanco-nieve\/' title='BLANCO NIEVE'>BLANCO NIEVE<\/a><\/h3><\/header><\/div><footer class=\"entry-footer\"><\/footer><\/article><\/div><div data-ajax-id='1800' class=' grid-entry flex_column isotope-item all_sort no_margin post-entry post-entry-1800 grid-entry-overview grid-loop-6 grid-parity-even  marmoles_sort materiales_sort  av_one_third  default_av_fullwidth '><article class='main_color inner-entry'  itemscope=\"itemscope\" itemtype=\"https:\/\/schema.org\/CreativeWork\" ><a href='https:\/\/emerex.com\/es\/piedra-natural\/gris-luna\/' title='GRIS LUNA'  data-rel='grid-1' class='grid-image avia-hover-fx'><img width=\"495\" height=\"400\" src=\"https:\/\/emerex.com\/wp-content\/uploads\/2018\/09\/Gris-Luna-495x400.jpg\" class=\"attachment-portfolio size-portfolio wp-post-image\" alt=\"\" loading=\"lazy\" \/><\/a><div class='grid-content'><div class='avia-arrow'><\/div><header class=\"entry-content-header\"><h3 class='grid-entry-title entry-title'  itemprop=\"headline\" ><a href='https:\/\/emerex.com\/es\/piedra-natural\/gris-luna\/' title='GRIS LUNA'>GRIS LUNA<\/a><\/h3><\/header><\/div><footer class=\"entry-footer\"><\/footer><\/article><\/div><div data-ajax-id='1657' class=' grid-entry flex_column isotope-item all_sort no_margin post-entry post-entry-1657 grid-entry-overview grid-loop-7 grid-parity-odd  marmoles_sort materiales_sort  av_one_third first default_av_fullwidth '><article class='main_color inner-entry'  itemscope=\"itemscope\" itemtype=\"https:\/\/schema.org\/CreativeWork\" ><a href='https:\/\/emerex.com\/es\/piedra-natural\/gris-pulpis\/' title='GRIS PULPIS'  data-rel='grid-1' class='grid-image avia-hover-fx'><img width=\"495\" height=\"400\" src=\"https:\/\/emerex.com\/wp-content\/uploads\/2018\/09\/Gris-Pulpis-1-495x400.jpg\" class=\"attachment-portfolio size-portfolio wp-post-image\" alt=\"\" loading=\"lazy\" \/><\/a><div class='grid-content'><div class='avia-arrow'><\/div><header class=\"entry-content-header\"><h3 class='grid-entry-title entry-title'  itemprop=\"headline\" ><a href='https:\/\/emerex.com\/es\/piedra-natural\/gris-pulpis\/' title='GRIS PULPIS'>GRIS PULPIS<\/a><\/h3><\/header><\/div><footer class=\"entry-footer\"><\/footer><\/article><\/div><div data-ajax-id='2291' class=' grid-entry flex_column isotope-item all_sort no_margin post-entry post-entry-2291 grid-entry-overview grid-loop-8 grid-parity-even  marmoles_sort materiales_sort  av_one_third  default_av_fullwidth '><article class='main_color inner-entry'  itemscope=\"itemscope\" itemtype=\"https:\/\/schema.org\/CreativeWork\" ><a href='https:\/\/emerex.com\/es\/piedra-natural\/gris-macael\/' title='GRIS MACAEL'  data-rel='grid-1' class='grid-image avia-hover-fx'><img width=\"495\" height=\"400\" src=\"https:\/\/emerex.com\/wp-content\/uploads\/2018\/10\/Gris-macael-495x400.jpg\" class=\"attachment-portfolio size-portfolio wp-post-image\" alt=\"\" loading=\"lazy\" srcset=\"https:\/\/emerex.com\/wp-content\/uploads\/2018\/10\/Gris-macael-495x400.jpg 495w, https:\/\/emerex.com\/wp-content\/uploads\/2018\/10\/Gris-macael-845x684.jpg 845w\" sizes=\"(max-width: 495px) 100vw, 495px\" \/><\/a><div class='grid-content'><div class='avia-arrow'><\/div><header class=\"entry-content-header\"><h3 class='grid-entry-title entry-title'  itemprop=\"headline\" ><a href='https:\/\/emerex.com\/es\/piedra-natural\/gris-macael\/' title='GRIS MACAEL'>GRIS MACAEL<\/a><\/h3><\/header><\/div><footer class=\"entry-footer\"><\/footer><\/article><\/div><div data-ajax-id='1403' class=' grid-entry flex_column isotope-item all_sort no_margin post-entry post-entry-1403 grid-entry-overview grid-loop-9 grid-parity-odd  marmoles_sort materiales_sort  av_one_third  default_av_fullwidth '><article class='main_color inner-entry'  itemscope=\"itemscope\" itemtype=\"https:\/\/schema.org\/CreativeWork\" ><a href='https:\/\/emerex.com\/es\/piedra-natural\/emperador-dark\/' title='EMPERADOR DARK'  data-rel='grid-1' class='grid-image avia-hover-fx'><img width=\"495\" height=\"400\" src=\"https:\/\/emerex.com\/wp-content\/uploads\/2018\/11\/Emperador-Dark-1-1-495x400.jpg\" class=\"attachment-portfolio size-portfolio wp-post-image\" alt=\"\" loading=\"lazy\" \/><\/a><div class='grid-content'><div class='avia-arrow'><\/div><header class=\"entry-content-header\"><h3 class='grid-entry-title entry-title'  itemprop=\"headline\" ><a href='https:\/\/emerex.com\/es\/piedra-natural\/emperador-dark\/' title='EMPERADOR DARK'>EMPERADOR DARK<\/a><\/h3><\/header><\/div><footer class=\"entry-footer\"><\/footer><\/article><\/div><div data-ajax-id='1492' class=' grid-entry flex_column isotope-item all_sort no_margin post-entry post-entry-1492 grid-entry-overview grid-loop-10 grid-parity-even  marmoles_sort materiales_sort  av_one_third first default_av_fullwidth '><article class='main_color inner-entry'  itemscope=\"itemscope\" itemtype=\"https:\/\/schema.org\/CreativeWork\" ><a href='https:\/\/emerex.com\/es\/piedra-natural\/emperador-light\/' title='EMPERADOR LIGHT'  data-rel='grid-1' class='grid-image avia-hover-fx'><img width=\"495\" height=\"400\" src=\"https:\/\/emerex.com\/wp-content\/uploads\/2018\/09\/Emperador-Light-3-495x400.jpg\" class=\"attachment-portfolio size-portfolio wp-post-image\" alt=\"\" loading=\"lazy\" \/><\/a><div class='grid-content'><div class='avia-arrow'><\/div><header class=\"entry-content-header\"><h3 class='grid-entry-title entry-title'  itemprop=\"headline\" ><a href='https:\/\/emerex.com\/es\/piedra-natural\/emperador-light\/' title='EMPERADOR LIGHT'>EMPERADOR LIGHT<\/a><\/h3><\/header><\/div><footer class=\"entry-footer\"><\/footer><\/article><\/div><div data-ajax-id='1911' class=' grid-entry flex_column isotope-item all_sort no_margin post-entry post-entry-1911 grid-entry-overview grid-loop-11 grid-parity-odd  marmoles_sort materiales_sort  av_one_third  default_av_fullwidth '><article class='main_color inner-entry'  itemscope=\"itemscope\" itemtype=\"https:\/\/schema.org\/CreativeWork\" ><a href='https:\/\/emerex.com\/es\/piedra-natural\/negro-zurita\/' title='NEGRO ZURITA'  data-rel='grid-1' class='grid-image avia-hover-fx'><img width=\"495\" height=\"400\" src=\"https:\/\/emerex.com\/wp-content\/uploads\/2018\/09\/Negro-Zurita-495x400.jpg\" class=\"attachment-portfolio size-portfolio wp-post-image\" alt=\"\" loading=\"lazy\" \/><\/a><div class='grid-content'><div class='avia-arrow'><\/div><header class=\"entry-content-header\"><h3 class='grid-entry-title entry-title'  itemprop=\"headline\" ><a href='https:\/\/emerex.com\/es\/piedra-natural\/negro-zurita\/' title='NEGRO ZURITA'>NEGRO ZURITA<\/a><\/h3><\/header><\/div><footer class=\"entry-footer\"><\/footer><\/article><\/div><div data-ajax-id='3109' class=' grid-entry flex_column isotope-item all_sort no_margin post-entry post-entry-3109 grid-entry-overview grid-loop-12 grid-parity-even  marmoles_sort materiales_sort  av_one_third  default_av_fullwidth '><article class='main_color inner-entry'  itemscope=\"itemscope\" itemtype=\"https:\/\/schema.org\/CreativeWork\" ><a href='https:\/\/emerex.com\/es\/piedra-natural\/amarillo-sahara\/' title='AMARILLO SAHARA'  data-rel='grid-1' class='grid-image avia-hover-fx'><img width=\"495\" height=\"400\" src=\"https:\/\/emerex.com\/wp-content\/uploads\/2018\/11\/Amarillo-Sahara-1-1-495x400.jpg\" class=\"attachment-portfolio size-portfolio wp-post-image\" alt=\"\" loading=\"lazy\" \/><\/a><div class='grid-content'><div class='avia-arrow'><\/div><header class=\"entry-content-header\"><h3 class='grid-entry-title entry-title'  itemprop=\"headline\" ><a href='https:\/\/emerex.com\/es\/piedra-natural\/amarillo-sahara\/' title='AMARILLO SAHARA'>AMARILLO SAHARA<\/a><\/h3><\/header><\/div><footer class=\"entry-footer\"><\/footer><\/article><\/div><div data-ajax-id='1373' class=' grid-entry flex_column isotope-item all_sort no_margin post-entry post-entry-1373 grid-entry-overview grid-loop-13 grid-parity-odd  marmoles_sort materiales_sort  av_one_third first default_av_fullwidth '><article class='main_color inner-entry'  itemscope=\"itemscope\" itemtype=\"https:\/\/schema.org\/CreativeWork\" ><a href='https:\/\/emerex.com\/es\/piedra-natural\/crema-marfil-clasico-2\/' title='CREMA MARFIL CL\u00c1SICO'  data-rel='grid-1' class='grid-image avia-hover-fx'><img width=\"495\" height=\"400\" src=\"https:\/\/emerex.com\/wp-content\/uploads\/2018\/11\/Crema-Marfil-4-495x400.jpg\" class=\"attachment-portfolio size-portfolio wp-post-image\" alt=\"\" loading=\"lazy\" srcset=\"https:\/\/emerex.com\/wp-content\/uploads\/2018\/11\/Crema-Marfil-4-495x400.jpg 495w, https:\/\/emerex.com\/wp-content\/uploads\/2018\/11\/Crema-Marfil-4-845x684.jpg 845w\" sizes=\"(max-width: 495px) 100vw, 495px\" \/><\/a><div class='grid-content'><div class='avia-arrow'><\/div><header class=\"entry-content-header\"><h3 class='grid-entry-title entry-title'  itemprop=\"headline\" ><a href='https:\/\/emerex.com\/es\/piedra-natural\/crema-marfil-clasico-2\/' title='CREMA MARFIL CL\u00c1SICO'>CREMA MARFIL CL\u00c1SICO<\/a><\/h3><\/header><\/div><footer class=\"entry-footer\"><\/footer><\/article><\/div><div data-ajax-id='1284' class=' grid-entry flex_column isotope-item all_sort no_margin post-entry post-entry-1284 grid-entry-overview grid-loop-14 grid-parity-even  marmoles_sort materiales_sort  av_one_third  default_av_fullwidth '><article class='main_color inner-entry'  itemscope=\"itemscope\" itemtype=\"https:\/\/schema.org\/CreativeWork\" ><a href='https:\/\/emerex.com\/es\/piedra-natural\/crema-marfil-select\/' title='CREMA MARFIL SELECT'  data-rel='grid-1' class='grid-image avia-hover-fx'><img width=\"495\" height=\"400\" src=\"https:\/\/emerex.com\/wp-content\/uploads\/2018\/11\/Crema-Marfil-Select--495x400.jpg\" class=\"attachment-portfolio size-portfolio wp-post-image\" alt=\"\" loading=\"lazy\" srcset=\"https:\/\/emerex.com\/wp-content\/uploads\/2018\/11\/Crema-Marfil-Select--495x400.jpg 495w, https:\/\/emerex.com\/wp-content\/uploads\/2018\/11\/Crema-Marfil-Select--845x684.jpg 845w\" sizes=\"(max-width: 495px) 100vw, 495px\" \/><\/a><div class='grid-content'><div class='avia-arrow'><\/div><header class=\"entry-content-header\"><h3 class='grid-entry-title entry-title'  itemprop=\"headline\" ><a href='https:\/\/emerex.com\/es\/piedra-natural\/crema-marfil-select\/' title='CREMA MARFIL SELECT'>CREMA MARFIL SELECT<\/a><\/h3><\/header><\/div><footer class=\"entry-footer\"><\/footer><\/article><\/div><div data-ajax-id='1253' class=' grid-entry flex_column isotope-item all_sort no_margin post-entry post-entry-1253 grid-entry-overview grid-loop-15 grid-parity-odd  marmoles_sort materiales_sort  av_one_third  default_av_fullwidth '><article class='main_color inner-entry'  itemscope=\"itemscope\" itemtype=\"https:\/\/schema.org\/CreativeWork\" ><a href='https:\/\/emerex.com\/es\/piedra-natural\/crema-marfil-ivory\/' title='CREMA MARFIL IVORY'  data-rel='grid-1' class='grid-image avia-hover-fx'><img width=\"495\" height=\"400\" src=\"https:\/\/emerex.com\/wp-content\/uploads\/2018\/09\/Crema-Marfil-Ivory-1-495x400.jpg\" class=\"attachment-portfolio size-portfolio wp-post-image\" alt=\"\" loading=\"lazy\" \/><\/a><div class='grid-content'><div class='avia-arrow'><\/div><header class=\"entry-content-header\"><h3 class='grid-entry-title entry-title'  itemprop=\"headline\" ><a href='https:\/\/emerex.com\/es\/piedra-natural\/crema-marfil-ivory\/' title='CREMA MARFIL IVORY'>CREMA MARFIL IVORY<\/a><\/h3><\/header><\/div><footer class=\"entry-footer\"><\/footer><\/article><\/div><div data-ajax-id='218' class=' grid-entry flex_column isotope-item all_sort no_margin post-entry post-entry-218 grid-entry-overview grid-loop-16 grid-parity-even  marmoles_sort materiales_sort  av_one_third first default_av_fullwidth '><article class='main_color inner-entry'  itemscope=\"itemscope\" itemtype=\"https:\/\/schema.org\/CreativeWork\" ><a href='https:\/\/emerex.com\/es\/piedra-natural\/ambar\/' title='AMBAR'  data-rel='grid-1' class='grid-image avia-hover-fx'><img width=\"495\" height=\"400\" src=\"https:\/\/emerex.com\/wp-content\/uploads\/2016\/01\/ambar-1-495x400.jpg\" class=\"attachment-portfolio size-portfolio wp-post-image\" alt=\"\" loading=\"lazy\" \/><\/a><div class='grid-content'><div class='avia-arrow'><\/div><header class=\"entry-content-header\"><h3 class='grid-entry-title entry-title'  itemprop=\"headline\" ><a href='https:\/\/emerex.com\/es\/piedra-natural\/ambar\/' title='AMBAR'>AMBAR<\/a><\/h3><\/header><\/div><footer class=\"entry-footer\"><\/footer><\/article><\/div><div data-ajax-id='1632' class=' grid-entry flex_column isotope-item all_sort no_margin post-entry post-entry-1632 grid-entry-overview grid-loop-17 grid-parity-odd  marmoles_sort materiales_sort  av_one_third  default_av_fullwidth '><article class='main_color inner-entry'  itemscope=\"itemscope\" itemtype=\"https:\/\/schema.org\/CreativeWork\" ><a href='https:\/\/emerex.com\/es\/piedra-natural\/rosa-levante\/' title='ROSA LEVANTE'  data-rel='grid-1' class='grid-image avia-hover-fx'><img width=\"495\" height=\"400\" src=\"https:\/\/emerex.com\/wp-content\/uploads\/2018\/09\/Rosa-Girona-2-495x400.jpg\" class=\"attachment-portfolio size-portfolio wp-post-image\" alt=\"\" loading=\"lazy\" \/><\/a><div class='grid-content'><div class='avia-arrow'><\/div><header class=\"entry-content-header\"><h3 class='grid-entry-title entry-title'  itemprop=\"headline\" ><a href='https:\/\/emerex.com\/es\/piedra-natural\/rosa-levante\/' title='ROSA LEVANTE'>ROSA LEVANTE<\/a><\/h3><\/header><\/div><footer class=\"entry-footer\"><\/footer><\/article><\/div><div data-ajax-id='1539' class=' grid-entry flex_column isotope-item all_sort no_margin post-entry post-entry-1539 grid-entry-overview grid-loop-18 grid-parity-even  post-entry-last  marmoles_sort materiales_sort  av_one_third  default_av_fullwidth '><article class='main_color inner-entry'  itemscope=\"itemscope\" itemtype=\"https:\/\/schema.org\/CreativeWork\" ><a href='https:\/\/emerex.com\/es\/piedra-natural\/tabarca\/' title='TABARCA'  data-rel='grid-1' class='grid-image avia-hover-fx'><img width=\"495\" height=\"400\" src=\"https:\/\/emerex.com\/wp-content\/uploads\/2018\/09\/Tabarca-495x400.jpg\" class=\"attachment-portfolio size-portfolio wp-post-image\" alt=\"\" loading=\"lazy\" \/><\/a><div class='grid-content'><div class='avia-arrow'><\/div><header class=\"entry-content-header\"><h3 class='grid-entry-title entry-title'  itemprop=\"headline\" ><a href='https:\/\/emerex.com\/es\/piedra-natural\/tabarca\/' title='TABARCA'>TABARCA<\/a><\/h3><\/header><\/div><footer class=\"entry-footer\"><\/footer><\/article><\/div><\/div><div class='pagination-wrap pagination-portfolio '><nav class='pagination'><span class='pagination-meta'>P\u00e1gina 1 de 2<\/span><span class='current'>1<\/span><a href='https:\/\/emerex.com\/es\/wp-json\/wp\/v2\/pages\/4540\/page\/2\/' class='inactive' >2<\/a><\/nav>\n<\/div><\/p><\/div>\n<section class=\"av_textblock_section \"  itemscope=\"itemscope\" itemtype=\"https:\/\/schema.org\/CreativeWork\" ><div class='avia_textblock  '   itemprop=\"text\" ><\/div><\/section>\n","protected":false},"excerpt":{"rendered":"","protected":false},"author":1,"featured_media":3826,"parent":13,"menu_order":0,"comment_status":"closed","ping_status":"closed","template":"","meta":[],"yoast_head":"<!-- This site is optimized with the Yoast SEO plugin v16.1.1 - https:\/\/yoast.com\/wordpress\/plugins\/seo\/ -->\n<title>M\u00e1rmoles - Crema Marfil. Marmoles Emerex. Losas 1 cm<\/title>\n<link rel=\"canonical\" href=\"https:\/\/emerex.com\/es\/piedranatural\/marmol\/\" \/>\n<meta property=\"og:locale\" content=\"es_ES\" \/>\n<meta property=\"og:type\" content=\"article\" \/>\n<meta property=\"og:title\" content=\"M\u00e1rmoles - Crema Marfil. Marmoles Emerex. Losas 1 cm\" \/>\n<meta property=\"og:url\" content=\"https:\/\/emerex.com\/es\/piedranatural\/marmol\/\" \/>\n<meta property=\"og:site_name\" content=\"Crema Marfil. Marmoles Emerex. Losas 1 cm\" \/>\n<meta property=\"article:modified_time\" content=\"2021-05-06T14:19:24+00:00\" \/>\n<meta property=\"og:image\" content=\"https:\/\/emerex.com\/wp-content\/uploads\/2018\/09\/Crema-Marfil-Select-1-1.jpg\" \/>\n\t<meta property=\"og:image:width\" content=\"1209\" \/>\n\t<meta property=\"og:image:height\" content=\"907\" \/>\n<meta name=\"twitter:card\" content=\"summary\" \/>\n<meta name=\"twitter:label1\" content=\"Tiempo de lectura\">\n\t<meta name=\"twitter:data1\" content=\"3 minutos\">\n<script type=\"application\/ld+json\" class=\"yoast-schema-graph\">{\"@context\":\"https:\/\/schema.org\",\"@graph\":[{\"@type\":\"WebSite\",\"@id\":\"https:\/\/emerex.com\/es\/#website\",\"url\":\"https:\/\/emerex.com\/es\/\",\"name\":\"Crema Marfil. Marmoles Emerex. Losas 1 cm\",\"description\":\"Losas finas marmol natural. Crema Marfil\",\"potentialAction\":[{\"@type\":\"SearchAction\",\"target\":\"https:\/\/emerex.com\/es\/?s={search_term_string}\",\"query-input\":\"required name=search_term_string\"}],\"inLanguage\":\"es\"},{\"@type\":\"ImageObject\",\"@id\":\"https:\/\/emerex.com\/es\/piedranatural\/marmol\/#primaryimage\",\"inLanguage\":\"es\",\"url\":\"https:\/\/emerex.com\/wp-content\/uploads\/2018\/09\/Crema-Marfil-Select-1-1.jpg\",\"contentUrl\":\"https:\/\/emerex.com\/wp-content\/uploads\/2018\/09\/Crema-Marfil-Select-1-1.jpg\",\"width\":1209,\"height\":907,\"caption\":\"Marble Emerex\"},{\"@type\":\"WebPage\",\"@id\":\"https:\/\/emerex.com\/es\/piedranatural\/marmol\/#webpage\",\"url\":\"https:\/\/emerex.com\/es\/piedranatural\/marmol\/\",\"name\":\"M\\u00e1rmoles - Crema Marfil. Marmoles Emerex. Losas 1 cm\",\"isPartOf\":{\"@id\":\"https:\/\/emerex.com\/es\/#website\"},\"primaryImageOfPage\":{\"@id\":\"https:\/\/emerex.com\/es\/piedranatural\/marmol\/#primaryimage\"},\"datePublished\":\"2021-04-23T15:37:07+00:00\",\"dateModified\":\"2021-05-06T14:19:24+00:00\",\"breadcrumb\":{\"@id\":\"https:\/\/emerex.com\/es\/piedranatural\/marmol\/#breadcrumb\"},\"inLanguage\":\"es\",\"potentialAction\":[{\"@type\":\"ReadAction\",\"target\":[\"https:\/\/emerex.com\/es\/piedranatural\/marmol\/\"]}]},{\"@type\":\"BreadcrumbList\",\"@id\":\"https:\/\/emerex.com\/es\/piedranatural\/marmol\/#breadcrumb\",\"itemListElement\":[{\"@type\":\"ListItem\",\"position\":1,\"item\":{\"@type\":\"WebPage\",\"@id\":\"https:\/\/emerex.com\/es\/\",\"url\":\"https:\/\/emerex.com\/es\/\",\"name\":\"Portada\"}},{\"@type\":\"ListItem\",\"position\":2,\"item\":{\"@type\":\"WebPage\",\"@id\":\"https:\/\/emerex.com\/es\/piedranatural\/\",\"url\":\"https:\/\/emerex.com\/es\/piedranatural\/\",\"name\":\"Piedra Natural\"}},{\"@type\":\"ListItem\",\"position\":3,\"item\":{\"@type\":\"WebPage\",\"@id\":\"https:\/\/emerex.com\/es\/piedranatural\/marmol\/\",\"url\":\"https:\/\/emerex.com\/es\/piedranatural\/marmol\/\",\"name\":\"M\\u00e1rmoles\"}}]}]}<\/script>\n<!-- \/ Yoast SEO plugin. -->","_links":{"self":[{"href":"https:\/\/emerex.com\/es\/wp-json\/wp\/v2\/pages\/4540\/"}],"collection":[{"href":"https:\/\/emerex.com\/es\/wp-json\/wp\/v2\/pages\/"}],"about":[{"href":"https:\/\/emerex.com\/es\/wp-json\/wp\/v2\/types\/page\/"}],"author":[{"embeddable":true,"href":"https:\/\/emerex.com\/es\/wp-json\/wp\/v2\/users\/1\/"}],"replies":[{"embeddable":true,"href":"https:\/\/emerex.com\/es\/wp-json\/wp\/v2\/comments\/?post=4540"}],"version-history":[{"count":13,"href":"https:\/\/emerex.com\/es\/wp-json\/wp\/v2\/pages\/4540\/revisions\/"}],"predecessor-version":[{"id":4708,"href":"https:\/\/emerex.com\/es\/wp-json\/wp\/v2\/pages\/4540\/revisions\/4708\/"}],"up":[{"embeddable":true,"href":"https:\/\/emerex.com\/es\/wp-json\/wp\/v2\/pages\/13\/"}],"wp:featuredmedia":[{"embeddable":true,"href":"https:\/\/emerex.com\/es\/wp-json\/wp\/v2\/media\/3826\/"}],"wp:attachment":[{"href":"https:\/\/emerex.com\/es\/wp-json\/wp\/v2\/media\/?parent=4540"}],"curies":[{"name":"wp","href":"https:\/\/api.w.org\/{rel}","templated":true}]}}