{"id":13,"date":"2016-01-14T17:20:43","date_gmt":"2016-01-14T17:20:43","guid":{"rendered":"http:\/\/emerex.com\/\/?page_id=13"},"modified":"2021-05-13T11:56:42","modified_gmt":"2021-05-13T11:56:42","slug":"piedranatural","status":"publish","type":"page","link":"https:\/\/emerex.com\/es\/piedranatural\/","title":{"rendered":"Piedra Natural"},"content":{"rendered":"<section class=\"av_textblock_section \"  itemscope=\"itemscope\" itemtype=\"https:\/\/schema.org\/CreativeWork\" ><div class='avia_textblock  '   itemprop=\"text\" ><h1 style=\"text-align: center;\">Piedra Natural<\/h1>\n<p style=\"text-align: center;\">Bienvenido a nuestra selecci\u00f3n de piedras naturales.<\/p>\n<p style=\"text-align: center;\">Nuestra colecci\u00f3n es de <strong>origen espa\u00f1ol<\/strong>, una de las principales fuentes de piedra natural del mundo. Con <strong>m\u00e1s de 25 a\u00f1os de experiencia<\/strong>, seleccionamos y tratamos cuidadosamente el material para garantizar resultados de la m\u00e1s alta calidad y elegancia. Descubra las diferentes caracter\u00edsticas, acabados y belleza que ofrecen estos productos naturales.<\/p>\n<\/div><\/section>\n<div id='fullscreen_slider_1' class='avia-fullscreen-slider main_color    container_wrap fullsize'   ><div  data-size='extra_large'  data-lightbox_size='large'  data-animation='slide'  data-conditional_play=''  data-ids='4463'  data-video_counter='0'  data-autoplay='false'  data-bg_slider='true'  data-slide_height='100'  data-handle='av_fullscreen'  data-interval='5'  data-class=' '  data-css_id='fullscreen_slider_1'  data-scroll_down=''  data-control_layout='av-control-default'  data-custom_markup=''  data-perma_caption=''  data-autoplay_stopper=''  data-image_attachment='fixed'  data-min_height='0px'  data-stretch=''  data-default-height='100'  class='avia-slideshow avia-slideshow-1  av-control-default av-default-height-applied avia-slideshow-extra_large av_fullscreen   avia-slide-slider '  itemprop=\"ImageObject\" itemscope=\"itemscope\" itemtype=\"https:\/\/schema.org\/ImageObject\" ><ul class='avia-slideshow-inner ' style='padding-bottom: 66.666666666667%;' ><li style='background-position:center center;' data-img-url='https:\/\/emerex.com\/wp-content\/uploads\/2021\/04\/NaturalStone_Emerex.jpg' class=' av-single-slide slide-1 ' ><div data-rel='slideshow-1' class='avia-slide-wrap '   ><\/div><\/li><\/ul><\/div><\/div>\n<div style='height:15px' class='hr hr-invisible   '><span class='hr-inner ' ><span class='hr-inner-style'><\/span><\/span><\/div>\n<div class=\"flex_column av_one_full  flex_column_div av-zero-column-padding first  \" style='border-radius:0px; '><div class=' grid-sort-container isotope   no_margin-container with-title-container grid-total-odd grid-col-3 grid-links-' data-portfolio-id='1'><div data-ajax-id='4771' class=' grid-entry flex_column isotope-item all_sort no_margin post-entry post-entry-4771 grid-entry-overview grid-loop-1 grid-parity-odd  calizas_sort materiales_sort  av_one_third first default_av_fullwidth '><article class='main_color inner-entry'  itemscope=\"itemscope\" itemtype=\"https:\/\/schema.org\/CreativeWork\" ><a href='https:\/\/emerex.com\/es\/piedra-natural\/crema-cava\/' title='CREMA CAVA'  data-rel='grid-1' class='grid-image avia-hover-fx'><img width=\"495\" height=\"400\" src=\"https:\/\/emerex.com\/wp-content\/uploads\/2021\/05\/Crema-Cava-495x400.jpg\" class=\"attachment-portfolio size-portfolio wp-post-image\" alt=\"Crema Cava Caliza Emerex\" loading=\"lazy\" \/><small class='avia-copyright'>@ M\u00e1rmoles Emerex<\/small><\/a><div class='grid-content'><div class='avia-arrow'><\/div><header class=\"entry-content-header\"><h3 class='grid-entry-title entry-title'  itemprop=\"headline\" ><a href='https:\/\/emerex.com\/es\/piedra-natural\/crema-cava\/' title='CREMA CAVA'>CREMA CAVA<\/a><\/h3><\/header><\/div><footer class=\"entry-footer\"><\/footer><\/article><\/div><div data-ajax-id='1316' class=' grid-entry flex_column isotope-item all_sort no_margin post-entry post-entry-1316 grid-entry-overview grid-loop-2 grid-parity-even  marmoles_sort materiales_sort  av_one_third  default_av_fullwidth '><article class='main_color inner-entry'  itemscope=\"itemscope\" itemtype=\"https:\/\/schema.org\/CreativeWork\" ><a href='https:\/\/emerex.com\/es\/piedra-natural\/crema-marfil\/' title='CREMA MARFIL'  data-rel='grid-1' class='grid-image avia-hover-fx'><img width=\"495\" height=\"400\" src=\"https:\/\/emerex.com\/wp-content\/uploads\/2018\/11\/Crema-Marfill-.-495x400.jpg\" class=\"attachment-portfolio size-portfolio wp-post-image\" alt=\"\" loading=\"lazy\" srcset=\"https:\/\/emerex.com\/wp-content\/uploads\/2018\/11\/Crema-Marfill-.-495x400.jpg 495w, https:\/\/emerex.com\/wp-content\/uploads\/2018\/11\/Crema-Marfill-.-845x684.jpg 845w\" sizes=\"(max-width: 495px) 100vw, 495px\" \/><\/a><div class='grid-content'><div class='avia-arrow'><\/div><header class=\"entry-content-header\"><h3 class='grid-entry-title entry-title'  itemprop=\"headline\" ><a href='https:\/\/emerex.com\/es\/piedra-natural\/crema-marfil\/' title='CREMA MARFIL'>CREMA MARFIL<\/a><\/h3><\/header><\/div><footer class=\"entry-footer\"><\/footer><\/article><\/div><div data-ajax-id='1435' class=' grid-entry flex_column isotope-item all_sort no_margin post-entry post-entry-1435 grid-entry-overview grid-loop-3 grid-parity-odd  marmoles_sort materiales_sort  av_one_third  default_av_fullwidth '><article class='main_color inner-entry'  itemscope=\"itemscope\" itemtype=\"https:\/\/schema.org\/CreativeWork\" ><a href='https:\/\/emerex.com\/es\/piedra-natural\/rojo-alicante\/' title='ROJO ALICANTE'  data-rel='grid-1' class='grid-image avia-hover-fx'><img width=\"495\" height=\"400\" src=\"https:\/\/emerex.com\/wp-content\/uploads\/2018\/09\/Rojo-Alicante-495x400.jpg\" class=\"attachment-portfolio size-portfolio wp-post-image\" alt=\"\" loading=\"lazy\" \/><\/a><div class='grid-content'><div class='avia-arrow'><\/div><header class=\"entry-content-header\"><h3 class='grid-entry-title entry-title'  itemprop=\"headline\" ><a href='https:\/\/emerex.com\/es\/piedra-natural\/rojo-alicante\/' title='ROJO ALICANTE'>ROJO ALICANTE<\/a><\/h3><\/header><\/div><footer class=\"entry-footer\"><\/footer><\/article><\/div><div data-ajax-id='1466' class=' grid-entry flex_column isotope-item all_sort no_margin post-entry post-entry-1466 grid-entry-overview grid-loop-4 grid-parity-even  marmoles_sort materiales_sort  av_one_third first default_av_fullwidth '><article class='main_color inner-entry'  itemscope=\"itemscope\" itemtype=\"https:\/\/schema.org\/CreativeWork\" ><a href='https:\/\/emerex.com\/es\/piedra-natural\/negro-marquina\/' title='NEGRO MARQUINA'  data-rel='grid-1' class='grid-image avia-hover-fx'><img width=\"495\" height=\"400\" src=\"https:\/\/emerex.com\/wp-content\/uploads\/2018\/11\/Negro-Marquina-495x400.jpg\" class=\"attachment-portfolio size-portfolio wp-post-image\" alt=\"\" loading=\"lazy\" \/><\/a><div class='grid-content'><div class='avia-arrow'><\/div><header class=\"entry-content-header\"><h3 class='grid-entry-title entry-title'  itemprop=\"headline\" ><a href='https:\/\/emerex.com\/es\/piedra-natural\/negro-marquina\/' title='NEGRO MARQUINA'>NEGRO MARQUINA<\/a><\/h3><\/header><\/div><footer class=\"entry-footer\"><\/footer><\/article><\/div><div data-ajax-id='2288' class=' grid-entry flex_column isotope-item all_sort no_margin post-entry post-entry-2288 grid-entry-overview grid-loop-5 grid-parity-odd  marmoles_sort materiales_sort  av_one_third  default_av_fullwidth '><article class='main_color inner-entry'  itemscope=\"itemscope\" itemtype=\"https:\/\/schema.org\/CreativeWork\" ><a href='https:\/\/emerex.com\/es\/piedra-natural\/gris-banus\/' title='GRIS BANUS'  data-rel='grid-1' class='grid-image avia-hover-fx'><img width=\"495\" height=\"400\" src=\"https:\/\/emerex.com\/wp-content\/uploads\/2018\/10\/Gris-Banus-2-495x400.jpg\" class=\"attachment-portfolio size-portfolio wp-post-image\" alt=\"\" loading=\"lazy\" srcset=\"https:\/\/emerex.com\/wp-content\/uploads\/2018\/10\/Gris-Banus-2-495x400.jpg 495w, https:\/\/emerex.com\/wp-content\/uploads\/2018\/10\/Gris-Banus-2-845x684.jpg 845w\" sizes=\"(max-width: 495px) 100vw, 495px\" \/><\/a><div class='grid-content'><div class='avia-arrow'><\/div><header class=\"entry-content-header\"><h3 class='grid-entry-title entry-title'  itemprop=\"headline\" ><a href='https:\/\/emerex.com\/es\/piedra-natural\/gris-banus\/' title='GRIS BANUS'>GRIS BANUS<\/a><\/h3><\/header><\/div><footer class=\"entry-footer\"><\/footer><\/article><\/div><div data-ajax-id='1826' class=' grid-entry flex_column isotope-item all_sort no_margin post-entry post-entry-1826 grid-entry-overview grid-loop-6 grid-parity-even  marmoles_sort materiales_sort  av_one_third  default_av_fullwidth '><article class='main_color inner-entry'  itemscope=\"itemscope\" itemtype=\"https:\/\/schema.org\/CreativeWork\" ><a href='https:\/\/emerex.com\/es\/piedra-natural\/blanco-nieve\/' title='BLANCO NIEVE'  data-rel='grid-1' class='grid-image avia-hover-fx'><img width=\"495\" height=\"400\" src=\"https:\/\/emerex.com\/wp-content\/uploads\/2018\/09\/Blanco-Nieve-495x400.jpg\" class=\"attachment-portfolio size-portfolio wp-post-image\" alt=\"\" loading=\"lazy\" srcset=\"https:\/\/emerex.com\/wp-content\/uploads\/2018\/09\/Blanco-Nieve-495x400.jpg 495w, https:\/\/emerex.com\/wp-content\/uploads\/2018\/09\/Blanco-Nieve-845x684.jpg 845w\" sizes=\"(max-width: 495px) 100vw, 495px\" \/><\/a><div class='grid-content'><div class='avia-arrow'><\/div><header class=\"entry-content-header\"><h3 class='grid-entry-title entry-title'  itemprop=\"headline\" ><a href='https:\/\/emerex.com\/es\/piedra-natural\/blanco-nieve\/' title='BLANCO NIEVE'>BLANCO NIEVE<\/a><\/h3><\/header><\/div><footer class=\"entry-footer\"><\/footer><\/article><\/div><div data-ajax-id='1800' class=' grid-entry flex_column isotope-item all_sort no_margin post-entry post-entry-1800 grid-entry-overview grid-loop-7 grid-parity-odd  marmoles_sort materiales_sort  av_one_third first default_av_fullwidth '><article class='main_color inner-entry'  itemscope=\"itemscope\" itemtype=\"https:\/\/schema.org\/CreativeWork\" ><a href='https:\/\/emerex.com\/es\/piedra-natural\/gris-luna\/' title='GRIS LUNA'  data-rel='grid-1' class='grid-image avia-hover-fx'><img width=\"495\" height=\"400\" src=\"https:\/\/emerex.com\/wp-content\/uploads\/2018\/09\/Gris-Luna-495x400.jpg\" class=\"attachment-portfolio size-portfolio wp-post-image\" alt=\"\" loading=\"lazy\" \/><\/a><div class='grid-content'><div class='avia-arrow'><\/div><header class=\"entry-content-header\"><h3 class='grid-entry-title entry-title'  itemprop=\"headline\" ><a href='https:\/\/emerex.com\/es\/piedra-natural\/gris-luna\/' title='GRIS LUNA'>GRIS LUNA<\/a><\/h3><\/header><\/div><footer class=\"entry-footer\"><\/footer><\/article><\/div><div data-ajax-id='1657' class=' grid-entry flex_column isotope-item all_sort no_margin post-entry post-entry-1657 grid-entry-overview grid-loop-8 grid-parity-even  marmoles_sort materiales_sort  av_one_third  default_av_fullwidth '><article class='main_color inner-entry'  itemscope=\"itemscope\" itemtype=\"https:\/\/schema.org\/CreativeWork\" ><a href='https:\/\/emerex.com\/es\/piedra-natural\/gris-pulpis\/' title='GRIS PULPIS'  data-rel='grid-1' class='grid-image avia-hover-fx'><img width=\"495\" height=\"400\" src=\"https:\/\/emerex.com\/wp-content\/uploads\/2018\/09\/Gris-Pulpis-1-495x400.jpg\" class=\"attachment-portfolio size-portfolio wp-post-image\" alt=\"\" loading=\"lazy\" \/><\/a><div class='grid-content'><div class='avia-arrow'><\/div><header class=\"entry-content-header\"><h3 class='grid-entry-title entry-title'  itemprop=\"headline\" ><a href='https:\/\/emerex.com\/es\/piedra-natural\/gris-pulpis\/' title='GRIS PULPIS'>GRIS PULPIS<\/a><\/h3><\/header><\/div><footer class=\"entry-footer\"><\/footer><\/article><\/div><div data-ajax-id='2291' class=' grid-entry flex_column isotope-item all_sort no_margin post-entry post-entry-2291 grid-entry-overview grid-loop-9 grid-parity-odd  marmoles_sort materiales_sort  av_one_third  default_av_fullwidth '><article class='main_color inner-entry'  itemscope=\"itemscope\" itemtype=\"https:\/\/schema.org\/CreativeWork\" ><a href='https:\/\/emerex.com\/es\/piedra-natural\/gris-macael\/' title='GRIS MACAEL'  data-rel='grid-1' class='grid-image avia-hover-fx'><img width=\"495\" height=\"400\" src=\"https:\/\/emerex.com\/wp-content\/uploads\/2018\/10\/Gris-macael-495x400.jpg\" class=\"attachment-portfolio size-portfolio wp-post-image\" alt=\"\" loading=\"lazy\" srcset=\"https:\/\/emerex.com\/wp-content\/uploads\/2018\/10\/Gris-macael-495x400.jpg 495w, https:\/\/emerex.com\/wp-content\/uploads\/2018\/10\/Gris-macael-845x684.jpg 845w\" sizes=\"(max-width: 495px) 100vw, 495px\" \/><\/a><div class='grid-content'><div class='avia-arrow'><\/div><header class=\"entry-content-header\"><h3 class='grid-entry-title entry-title'  itemprop=\"headline\" ><a href='https:\/\/emerex.com\/es\/piedra-natural\/gris-macael\/' title='GRIS MACAEL'>GRIS MACAEL<\/a><\/h3><\/header><\/div><footer class=\"entry-footer\"><\/footer><\/article><\/div><div data-ajax-id='1403' class=' grid-entry flex_column isotope-item all_sort no_margin post-entry post-entry-1403 grid-entry-overview grid-loop-10 grid-parity-even  marmoles_sort materiales_sort  av_one_third first default_av_fullwidth '><article class='main_color inner-entry'  itemscope=\"itemscope\" itemtype=\"https:\/\/schema.org\/CreativeWork\" ><a href='https:\/\/emerex.com\/es\/piedra-natural\/emperador-dark\/' title='EMPERADOR DARK'  data-rel='grid-1' class='grid-image avia-hover-fx'><img width=\"495\" height=\"400\" src=\"https:\/\/emerex.com\/wp-content\/uploads\/2018\/11\/Emperador-Dark-1-1-495x400.jpg\" class=\"attachment-portfolio size-portfolio wp-post-image\" alt=\"\" loading=\"lazy\" \/><\/a><div class='grid-content'><div class='avia-arrow'><\/div><header class=\"entry-content-header\"><h3 class='grid-entry-title entry-title'  itemprop=\"headline\" ><a href='https:\/\/emerex.com\/es\/piedra-natural\/emperador-dark\/' title='EMPERADOR DARK'>EMPERADOR DARK<\/a><\/h3><\/header><\/div><footer class=\"entry-footer\"><\/footer><\/article><\/div><div data-ajax-id='1492' class=' grid-entry flex_column isotope-item all_sort no_margin post-entry post-entry-1492 grid-entry-overview grid-loop-11 grid-parity-odd  marmoles_sort materiales_sort  av_one_third  default_av_fullwidth '><article class='main_color inner-entry'  itemscope=\"itemscope\" itemtype=\"https:\/\/schema.org\/CreativeWork\" ><a href='https:\/\/emerex.com\/es\/piedra-natural\/emperador-light\/' title='EMPERADOR LIGHT'  data-rel='grid-1' class='grid-image avia-hover-fx'><img width=\"495\" height=\"400\" src=\"https:\/\/emerex.com\/wp-content\/uploads\/2018\/09\/Emperador-Light-3-495x400.jpg\" class=\"attachment-portfolio size-portfolio wp-post-image\" alt=\"\" loading=\"lazy\" \/><\/a><div class='grid-content'><div class='avia-arrow'><\/div><header class=\"entry-content-header\"><h3 class='grid-entry-title entry-title'  itemprop=\"headline\" ><a href='https:\/\/emerex.com\/es\/piedra-natural\/emperador-light\/' title='EMPERADOR LIGHT'>EMPERADOR LIGHT<\/a><\/h3><\/header><\/div><footer class=\"entry-footer\"><\/footer><\/article><\/div><div data-ajax-id='1911' class=' grid-entry flex_column isotope-item all_sort no_margin post-entry post-entry-1911 grid-entry-overview grid-loop-12 grid-parity-even  marmoles_sort materiales_sort  av_one_third  default_av_fullwidth '><article class='main_color inner-entry'  itemscope=\"itemscope\" itemtype=\"https:\/\/schema.org\/CreativeWork\" ><a href='https:\/\/emerex.com\/es\/piedra-natural\/negro-zurita\/' title='NEGRO ZURITA'  data-rel='grid-1' class='grid-image avia-hover-fx'><img width=\"495\" height=\"400\" src=\"https:\/\/emerex.com\/wp-content\/uploads\/2018\/09\/Negro-Zurita-495x400.jpg\" class=\"attachment-portfolio size-portfolio wp-post-image\" alt=\"\" loading=\"lazy\" \/><\/a><div class='grid-content'><div class='avia-arrow'><\/div><header class=\"entry-content-header\"><h3 class='grid-entry-title entry-title'  itemprop=\"headline\" ><a href='https:\/\/emerex.com\/es\/piedra-natural\/negro-zurita\/' title='NEGRO ZURITA'>NEGRO ZURITA<\/a><\/h3><\/header><\/div><footer class=\"entry-footer\"><\/footer><\/article><\/div><div data-ajax-id='3109' class=' grid-entry flex_column isotope-item all_sort no_margin post-entry post-entry-3109 grid-entry-overview grid-loop-13 grid-parity-odd  marmoles_sort materiales_sort  av_one_third first default_av_fullwidth '><article class='main_color inner-entry'  itemscope=\"itemscope\" itemtype=\"https:\/\/schema.org\/CreativeWork\" ><a href='https:\/\/emerex.com\/es\/piedra-natural\/amarillo-sahara\/' title='AMARILLO SAHARA'  data-rel='grid-1' class='grid-image avia-hover-fx'><img width=\"495\" height=\"400\" src=\"https:\/\/emerex.com\/wp-content\/uploads\/2018\/11\/Amarillo-Sahara-1-1-495x400.jpg\" class=\"attachment-portfolio size-portfolio wp-post-image\" alt=\"\" loading=\"lazy\" \/><\/a><div class='grid-content'><div class='avia-arrow'><\/div><header class=\"entry-content-header\"><h3 class='grid-entry-title entry-title'  itemprop=\"headline\" ><a href='https:\/\/emerex.com\/es\/piedra-natural\/amarillo-sahara\/' title='AMARILLO SAHARA'>AMARILLO SAHARA<\/a><\/h3><\/header><\/div><footer class=\"entry-footer\"><\/footer><\/article><\/div><div data-ajax-id='1373' class=' grid-entry flex_column isotope-item all_sort no_margin post-entry post-entry-1373 grid-entry-overview grid-loop-14 grid-parity-even  marmoles_sort materiales_sort  av_one_third  default_av_fullwidth '><article class='main_color inner-entry'  itemscope=\"itemscope\" itemtype=\"https:\/\/schema.org\/CreativeWork\" ><a href='https:\/\/emerex.com\/es\/piedra-natural\/crema-marfil-clasico-2\/' title='CREMA MARFIL CL\u00c1SICO'  data-rel='grid-1' class='grid-image avia-hover-fx'><img width=\"495\" height=\"400\" src=\"https:\/\/emerex.com\/wp-content\/uploads\/2018\/11\/Crema-Marfil-4-495x400.jpg\" class=\"attachment-portfolio size-portfolio wp-post-image\" alt=\"\" loading=\"lazy\" srcset=\"https:\/\/emerex.com\/wp-content\/uploads\/2018\/11\/Crema-Marfil-4-495x400.jpg 495w, https:\/\/emerex.com\/wp-content\/uploads\/2018\/11\/Crema-Marfil-4-845x684.jpg 845w\" sizes=\"(max-width: 495px) 100vw, 495px\" \/><\/a><div class='grid-content'><div class='avia-arrow'><\/div><header class=\"entry-content-header\"><h3 class='grid-entry-title entry-title'  itemprop=\"headline\" ><a href='https:\/\/emerex.com\/es\/piedra-natural\/crema-marfil-clasico-2\/' title='CREMA MARFIL CL\u00c1SICO'>CREMA MARFIL CL\u00c1SICO<\/a><\/h3><\/header><\/div><footer class=\"entry-footer\"><\/footer><\/article><\/div><div data-ajax-id='1284' class=' grid-entry flex_column isotope-item all_sort no_margin post-entry post-entry-1284 grid-entry-overview grid-loop-15 grid-parity-odd  marmoles_sort materiales_sort  av_one_third  default_av_fullwidth '><article class='main_color inner-entry'  itemscope=\"itemscope\" itemtype=\"https:\/\/schema.org\/CreativeWork\" ><a href='https:\/\/emerex.com\/es\/piedra-natural\/crema-marfil-select\/' title='CREMA MARFIL SELECT'  data-rel='grid-1' class='grid-image avia-hover-fx'><img width=\"495\" height=\"400\" src=\"https:\/\/emerex.com\/wp-content\/uploads\/2018\/11\/Crema-Marfil-Select--495x400.jpg\" class=\"attachment-portfolio size-portfolio wp-post-image\" alt=\"\" loading=\"lazy\" srcset=\"https:\/\/emerex.com\/wp-content\/uploads\/2018\/11\/Crema-Marfil-Select--495x400.jpg 495w, https:\/\/emerex.com\/wp-content\/uploads\/2018\/11\/Crema-Marfil-Select--845x684.jpg 845w\" sizes=\"(max-width: 495px) 100vw, 495px\" \/><\/a><div class='grid-content'><div class='avia-arrow'><\/div><header class=\"entry-content-header\"><h3 class='grid-entry-title entry-title'  itemprop=\"headline\" ><a href='https:\/\/emerex.com\/es\/piedra-natural\/crema-marfil-select\/' title='CREMA MARFIL SELECT'>CREMA MARFIL SELECT<\/a><\/h3><\/header><\/div><footer class=\"entry-footer\"><\/footer><\/article><\/div><div data-ajax-id='1253' class=' grid-entry flex_column isotope-item all_sort no_margin post-entry post-entry-1253 grid-entry-overview grid-loop-16 grid-parity-even  marmoles_sort materiales_sort  av_one_third first default_av_fullwidth '><article class='main_color inner-entry'  itemscope=\"itemscope\" itemtype=\"https:\/\/schema.org\/CreativeWork\" ><a href='https:\/\/emerex.com\/es\/piedra-natural\/crema-marfil-ivory\/' title='CREMA MARFIL IVORY'  data-rel='grid-1' class='grid-image avia-hover-fx'><img width=\"495\" height=\"400\" src=\"https:\/\/emerex.com\/wp-content\/uploads\/2018\/09\/Crema-Marfil-Ivory-1-495x400.jpg\" class=\"attachment-portfolio size-portfolio wp-post-image\" alt=\"\" loading=\"lazy\" \/><\/a><div class='grid-content'><div class='avia-arrow'><\/div><header class=\"entry-content-header\"><h3 class='grid-entry-title entry-title'  itemprop=\"headline\" ><a href='https:\/\/emerex.com\/es\/piedra-natural\/crema-marfil-ivory\/' title='CREMA MARFIL IVORY'>CREMA MARFIL IVORY<\/a><\/h3><\/header><\/div><footer class=\"entry-footer\"><\/footer><\/article><\/div><div data-ajax-id='218' class=' grid-entry flex_column isotope-item all_sort no_margin post-entry post-entry-218 grid-entry-overview grid-loop-17 grid-parity-odd  marmoles_sort materiales_sort  av_one_third  default_av_fullwidth '><article class='main_color inner-entry'  itemscope=\"itemscope\" itemtype=\"https:\/\/schema.org\/CreativeWork\" ><a href='https:\/\/emerex.com\/es\/piedra-natural\/ambar\/' title='AMBAR'  data-rel='grid-1' class='grid-image avia-hover-fx'><img width=\"495\" height=\"400\" src=\"https:\/\/emerex.com\/wp-content\/uploads\/2016\/01\/ambar-1-495x400.jpg\" class=\"attachment-portfolio size-portfolio wp-post-image\" alt=\"\" loading=\"lazy\" \/><\/a><div class='grid-content'><div class='avia-arrow'><\/div><header class=\"entry-content-header\"><h3 class='grid-entry-title entry-title'  itemprop=\"headline\" ><a href='https:\/\/emerex.com\/es\/piedra-natural\/ambar\/' title='AMBAR'>AMBAR<\/a><\/h3><\/header><\/div><footer class=\"entry-footer\"><\/footer><\/article><\/div><div data-ajax-id='1632' class=' grid-entry flex_column isotope-item all_sort no_margin post-entry post-entry-1632 grid-entry-overview grid-loop-18 grid-parity-even  marmoles_sort materiales_sort  av_one_third  default_av_fullwidth '><article class='main_color inner-entry'  itemscope=\"itemscope\" itemtype=\"https:\/\/schema.org\/CreativeWork\" ><a href='https:\/\/emerex.com\/es\/piedra-natural\/rosa-levante\/' title='ROSA LEVANTE'  data-rel='grid-1' class='grid-image avia-hover-fx'><img width=\"495\" height=\"400\" src=\"https:\/\/emerex.com\/wp-content\/uploads\/2018\/09\/Rosa-Girona-2-495x400.jpg\" class=\"attachment-portfolio size-portfolio wp-post-image\" alt=\"\" loading=\"lazy\" \/><\/a><div class='grid-content'><div class='avia-arrow'><\/div><header class=\"entry-content-header\"><h3 class='grid-entry-title entry-title'  itemprop=\"headline\" ><a href='https:\/\/emerex.com\/es\/piedra-natural\/rosa-levante\/' title='ROSA LEVANTE'>ROSA LEVANTE<\/a><\/h3><\/header><\/div><footer class=\"entry-footer\"><\/footer><\/article><\/div><div data-ajax-id='1539' class=' grid-entry flex_column isotope-item all_sort no_margin post-entry post-entry-1539 grid-entry-overview grid-loop-19 grid-parity-odd  marmoles_sort materiales_sort  av_one_third first default_av_fullwidth '><article class='main_color inner-entry'  itemscope=\"itemscope\" itemtype=\"https:\/\/schema.org\/CreativeWork\" ><a href='https:\/\/emerex.com\/es\/piedra-natural\/tabarca\/' title='TABARCA'  data-rel='grid-1' class='grid-image avia-hover-fx'><img width=\"495\" height=\"400\" src=\"https:\/\/emerex.com\/wp-content\/uploads\/2018\/09\/Tabarca-495x400.jpg\" class=\"attachment-portfolio size-portfolio wp-post-image\" alt=\"\" loading=\"lazy\" \/><\/a><div class='grid-content'><div class='avia-arrow'><\/div><header class=\"entry-content-header\"><h3 class='grid-entry-title entry-title'  itemprop=\"headline\" ><a href='https:\/\/emerex.com\/es\/piedra-natural\/tabarca\/' title='TABARCA'>TABARCA<\/a><\/h3><\/header><\/div><footer class=\"entry-footer\"><\/footer><\/article><\/div><div data-ajax-id='2292' class=' grid-entry flex_column isotope-item all_sort no_margin post-entry post-entry-2292 grid-entry-overview grid-loop-20 grid-parity-even  marmoles_sort materiales_sort  av_one_third  default_av_fullwidth '><article class='main_color inner-entry'  itemscope=\"itemscope\" itemtype=\"https:\/\/schema.org\/CreativeWork\" ><a href='https:\/\/emerex.com\/es\/piedra-natural\/gris-toledo\/' title='GRIS TOLEDO'  data-rel='grid-1' class='grid-image avia-hover-fx'><img width=\"495\" height=\"400\" src=\"https:\/\/emerex.com\/wp-content\/uploads\/2018\/10\/Gris-Toledo-495x400.jpg\" class=\"attachment-portfolio size-portfolio wp-post-image\" alt=\"\" loading=\"lazy\" srcset=\"https:\/\/emerex.com\/wp-content\/uploads\/2018\/10\/Gris-Toledo-495x400.jpg 495w, https:\/\/emerex.com\/wp-content\/uploads\/2018\/10\/Gris-Toledo-845x684.jpg 845w\" sizes=\"(max-width: 495px) 100vw, 495px\" \/><\/a><div class='grid-content'><div class='avia-arrow'><\/div><header class=\"entry-content-header\"><h3 class='grid-entry-title entry-title'  itemprop=\"headline\" ><a href='https:\/\/emerex.com\/es\/piedra-natural\/gris-toledo\/' title='GRIS TOLEDO'>GRIS TOLEDO<\/a><\/h3><\/header><\/div><footer class=\"entry-footer\"><\/footer><\/article><\/div><div data-ajax-id='3154' class=' grid-entry flex_column isotope-item all_sort no_margin post-entry post-entry-3154 grid-entry-overview grid-loop-21 grid-parity-odd  marmoles_sort materiales_sort  av_one_third  default_av_fullwidth '><article class='main_color inner-entry'  itemscope=\"itemscope\" itemtype=\"https:\/\/schema.org\/CreativeWork\" ><a href='https:\/\/emerex.com\/es\/piedra-natural\/gris-musgo\/' title='GRIS MUSGO'  data-rel='grid-1' class='grid-image avia-hover-fx'><img width=\"495\" height=\"400\" src=\"https:\/\/emerex.com\/wp-content\/uploads\/2018\/11\/Gris-Musgo-495x400.jpg\" class=\"attachment-portfolio size-portfolio wp-post-image\" alt=\"\" loading=\"lazy\" srcset=\"https:\/\/emerex.com\/wp-content\/uploads\/2018\/11\/Gris-Musgo-495x400.jpg 495w, https:\/\/emerex.com\/wp-content\/uploads\/2018\/11\/Gris-Musgo-845x684.jpg 845w\" sizes=\"(max-width: 495px) 100vw, 495px\" \/><\/a><div class='grid-content'><div class='avia-arrow'><\/div><header class=\"entry-content-header\"><h3 class='grid-entry-title entry-title'  itemprop=\"headline\" ><a href='https:\/\/emerex.com\/es\/piedra-natural\/gris-musgo\/' title='GRIS MUSGO'>GRIS MUSGO<\/a><\/h3><\/header><\/div><footer class=\"entry-footer\"><\/footer><\/article><\/div><div data-ajax-id='1896' class=' grid-entry flex_column isotope-item all_sort no_margin post-entry post-entry-1896 grid-entry-overview grid-loop-22 grid-parity-even  marmoles_sort materiales_sort  av_one_third first default_av_fullwidth '><article class='main_color inner-entry'  itemscope=\"itemscope\" itemtype=\"https:\/\/schema.org\/CreativeWork\" ><a href='https:\/\/emerex.com\/es\/piedra-natural\/gris-oliva\/' title='GRIS OLIVA'  data-rel='grid-1' class='grid-image avia-hover-fx'><img width=\"495\" height=\"400\" src=\"https:\/\/emerex.com\/wp-content\/uploads\/2018\/09\/Gris-Oliva-1-495x400.jpg\" class=\"attachment-portfolio size-portfolio wp-post-image\" alt=\"\" loading=\"lazy\" \/><\/a><div class='grid-content'><div class='avia-arrow'><\/div><header class=\"entry-content-header\"><h3 class='grid-entry-title entry-title'  itemprop=\"headline\" ><a href='https:\/\/emerex.com\/es\/piedra-natural\/gris-oliva\/' title='GRIS OLIVA'>GRIS OLIVA<\/a><\/h3><\/header><\/div><footer class=\"entry-footer\"><\/footer><\/article><\/div><div data-ajax-id='1550' class=' grid-entry flex_column isotope-item all_sort no_margin post-entry post-entry-1550 grid-entry-overview grid-loop-23 grid-parity-odd  marmoles_sort materiales_sort  av_one_third  default_av_fullwidth '><article class='main_color inner-entry'  itemscope=\"itemscope\" itemtype=\"https:\/\/schema.org\/CreativeWork\" ><a href='https:\/\/emerex.com\/es\/piedra-natural\/giallo-mallorca\/' title='GIALLO MALLORCA'  data-rel='grid-1' class='grid-image avia-hover-fx'><img width=\"495\" height=\"400\" src=\"https:\/\/emerex.com\/wp-content\/uploads\/2018\/09\/Giallo-Mallorca-495x400.jpg\" class=\"attachment-portfolio size-portfolio wp-post-image\" alt=\"\" loading=\"lazy\" \/><\/a><div class='grid-content'><div class='avia-arrow'><\/div><header class=\"entry-content-header\"><h3 class='grid-entry-title entry-title'  itemprop=\"headline\" ><a href='https:\/\/emerex.com\/es\/piedra-natural\/giallo-mallorca\/' title='GIALLO MALLORCA'>GIALLO MALLORCA<\/a><\/h3><\/header><\/div><footer class=\"entry-footer\"><\/footer><\/article><\/div><div data-ajax-id='1785' class=' grid-entry flex_column isotope-item all_sort no_margin post-entry post-entry-1785 grid-entry-overview grid-loop-24 grid-parity-even  marmoles_sort materiales_sort  av_one_third  default_av_fullwidth '><article class='main_color inner-entry'  itemscope=\"itemscope\" itemtype=\"https:\/\/schema.org\/CreativeWork\" ><a href='https:\/\/emerex.com\/es\/piedra-natural\/cenia\/' title='CENIA'  data-rel='grid-1' class='grid-image avia-hover-fx'><img width=\"495\" height=\"400\" src=\"https:\/\/emerex.com\/wp-content\/uploads\/2018\/09\/Cenia-495x400.jpg\" class=\"attachment-portfolio size-portfolio wp-post-image\" alt=\"\" loading=\"lazy\" \/><\/a><div class='grid-content'><div class='avia-arrow'><\/div><header class=\"entry-content-header\"><h3 class='grid-entry-title entry-title'  itemprop=\"headline\" ><a href='https:\/\/emerex.com\/es\/piedra-natural\/cenia\/' title='CENIA'>CENIA<\/a><\/h3><\/header><\/div><footer class=\"entry-footer\"><\/footer><\/article><\/div><div data-ajax-id='1725' class=' grid-entry flex_column isotope-item all_sort no_margin post-entry post-entry-1725 grid-entry-overview grid-loop-25 grid-parity-odd  marmoles_sort materiales_sort  av_one_third first default_av_fullwidth '><article class='main_color inner-entry'  itemscope=\"itemscope\" itemtype=\"https:\/\/schema.org\/CreativeWork\" ><a href='https:\/\/emerex.com\/es\/piedra-natural\/rojo-coralito\/' title='ROJO CORALITO'  data-rel='grid-1' class='grid-image avia-hover-fx'><img width=\"495\" height=\"400\" src=\"https:\/\/emerex.com\/wp-content\/uploads\/2018\/09\/Rojo-Coralito-495x400.jpg\" class=\"attachment-portfolio size-portfolio wp-post-image\" alt=\"\" loading=\"lazy\" \/><\/a><div class='grid-content'><div class='avia-arrow'><\/div><header class=\"entry-content-header\"><h3 class='grid-entry-title entry-title'  itemprop=\"headline\" ><a href='https:\/\/emerex.com\/es\/piedra-natural\/rojo-coralito\/' title='ROJO CORALITO'>ROJO CORALITO<\/a><\/h3><\/header><\/div><footer class=\"entry-footer\"><\/footer><\/article><\/div><div data-ajax-id='1863' class=' grid-entry flex_column isotope-item all_sort no_margin post-entry post-entry-1863 grid-entry-overview grid-loop-26 grid-parity-even  marmoles_sort materiales_sort  av_one_third  default_av_fullwidth '><article class='main_color inner-entry'  itemscope=\"itemscope\" itemtype=\"https:\/\/schema.org\/CreativeWork\" ><a href='https:\/\/emerex.com\/es\/piedra-natural\/verde\/' title='VERDE'  data-rel='grid-1' class='grid-image avia-hover-fx'><img width=\"495\" height=\"400\" src=\"https:\/\/emerex.com\/wp-content\/uploads\/2018\/09\/Verde-1-495x400.jpg\" class=\"attachment-portfolio size-portfolio wp-post-image\" alt=\"\" loading=\"lazy\" srcset=\"https:\/\/emerex.com\/wp-content\/uploads\/2018\/09\/Verde-1-495x400.jpg 495w, https:\/\/emerex.com\/wp-content\/uploads\/2018\/09\/Verde-1-845x684.jpg 845w\" sizes=\"(max-width: 495px) 100vw, 495px\" \/><\/a><div class='grid-content'><div class='avia-arrow'><\/div><header class=\"entry-content-header\"><h3 class='grid-entry-title entry-title'  itemprop=\"headline\" ><a href='https:\/\/emerex.com\/es\/piedra-natural\/verde\/' title='VERDE'>VERDE<\/a><\/h3><\/header><\/div><footer class=\"entry-footer\"><\/footer><\/article><\/div><div data-ajax-id='1699' class=' grid-entry flex_column isotope-item all_sort no_margin post-entry post-entry-1699 grid-entry-overview grid-loop-27 grid-parity-odd  marmoles_sort materiales_sort  av_one_third  default_av_fullwidth '><article class='main_color inner-entry'  itemscope=\"itemscope\" itemtype=\"https:\/\/schema.org\/CreativeWork\" ><a href='https:\/\/emerex.com\/es\/piedra-natural\/emperador-white\/' title='EMPERADOR WHITE'  data-rel='grid-1' class='grid-image avia-hover-fx'><img width=\"495\" height=\"400\" src=\"https:\/\/emerex.com\/wp-content\/uploads\/2018\/09\/Emperador-White-1-495x400.jpg\" class=\"attachment-portfolio size-portfolio wp-post-image\" alt=\"\" loading=\"lazy\" \/><\/a><div class='grid-content'><div class='avia-arrow'><\/div><header class=\"entry-content-header\"><h3 class='grid-entry-title entry-title'  itemprop=\"headline\" ><a href='https:\/\/emerex.com\/es\/piedra-natural\/emperador-white\/' title='EMPERADOR WHITE'>EMPERADOR WHITE<\/a><\/h3><\/header><\/div><footer class=\"entry-footer\"><\/footer><\/article><\/div><div data-ajax-id='217' class=' grid-entry flex_column isotope-item all_sort no_margin post-entry post-entry-217 grid-entry-overview grid-loop-28 grid-parity-even  marmoles_sort materiales_sort  av_one_third first default_av_fullwidth '><article class='main_color inner-entry'  itemscope=\"itemscope\" itemtype=\"https:\/\/schema.org\/CreativeWork\" ><a href='https:\/\/emerex.com\/es\/piedra-natural\/amarillo-rey\/' title='AMARILLO REY'  data-rel='grid-1' class='grid-image avia-hover-fx'><img width=\"495\" height=\"400\" src=\"https:\/\/emerex.com\/wp-content\/uploads\/2016\/01\/amarillo-rey-1-1-495x400.jpg\" class=\"attachment-portfolio size-portfolio wp-post-image\" alt=\"\" loading=\"lazy\" \/><\/a><div class='grid-content'><div class='avia-arrow'><\/div><header class=\"entry-content-header\"><h3 class='grid-entry-title entry-title'  itemprop=\"headline\" ><a href='https:\/\/emerex.com\/es\/piedra-natural\/amarillo-rey\/' title='AMARILLO REY'>AMARILLO REY<\/a><\/h3><\/header><\/div><footer class=\"entry-footer\"><\/footer><\/article><\/div><div data-ajax-id='223' class=' grid-entry flex_column isotope-item all_sort no_margin post-entry post-entry-223 grid-entry-overview grid-loop-29 grid-parity-odd  marmoles_sort materiales_sort  av_one_third  default_av_fullwidth '><article class='main_color inner-entry'  itemscope=\"itemscope\" itemtype=\"https:\/\/schema.org\/CreativeWork\" ><a href='https:\/\/emerex.com\/es\/piedra-natural\/anasol\/' title='ANASOL'  data-rel='grid-1' class='grid-image avia-hover-fx'><img width=\"495\" height=\"400\" src=\"https:\/\/emerex.com\/wp-content\/uploads\/2016\/01\/anasol-1-495x400.jpg\" class=\"attachment-portfolio size-portfolio wp-post-image\" alt=\"\" loading=\"lazy\" \/><\/a><div class='grid-content'><div class='avia-arrow'><\/div><header class=\"entry-content-header\"><h3 class='grid-entry-title entry-title'  itemprop=\"headline\" ><a href='https:\/\/emerex.com\/es\/piedra-natural\/anasol\/' title='ANASOL'>ANASOL<\/a><\/h3><\/header><\/div><footer class=\"entry-footer\"><\/footer><\/article><\/div><div data-ajax-id='1585' class=' grid-entry flex_column isotope-item all_sort no_margin post-entry post-entry-1585 grid-entry-overview grid-loop-30 grid-parity-even  marmoles_sort materiales_sort  av_one_third  default_av_fullwidth '><article class='main_color inner-entry'  itemscope=\"itemscope\" itemtype=\"https:\/\/schema.org\/CreativeWork\" ><a href='https:\/\/emerex.com\/es\/piedra-natural\/crema-valencia\/' title='CREMA VALENCIA'  data-rel='grid-1' class='grid-image avia-hover-fx'><img width=\"495\" height=\"400\" src=\"https:\/\/emerex.com\/wp-content\/uploads\/2018\/09\/CremaValencia-2-495x400.jpg\" class=\"attachment-portfolio size-portfolio wp-post-image\" alt=\"\" loading=\"lazy\" \/><\/a><div class='grid-content'><div class='avia-arrow'><\/div><header class=\"entry-content-header\"><h3 class='grid-entry-title entry-title'  itemprop=\"headline\" ><a href='https:\/\/emerex.com\/es\/piedra-natural\/crema-valencia\/' title='CREMA VALENCIA'>CREMA VALENCIA<\/a><\/h3><\/header><\/div><footer class=\"entry-footer\"><\/footer><\/article><\/div><div data-ajax-id='1763' class=' grid-entry flex_column isotope-item all_sort no_margin post-entry post-entry-1763 grid-entry-overview grid-loop-31 grid-parity-odd  marmoles_sort materiales_sort  av_one_third first default_av_fullwidth '><article class='main_color inner-entry'  itemscope=\"itemscope\" itemtype=\"https:\/\/schema.org\/CreativeWork\" ><a href='https:\/\/emerex.com\/es\/piedra-natural\/crema-marbella\/' title='CREMA MARBELLA'  data-rel='grid-1' class='grid-image avia-hover-fx'><img width=\"495\" height=\"400\" src=\"https:\/\/emerex.com\/wp-content\/uploads\/2018\/09\/Crema-Marbella-1-495x400.jpg\" class=\"attachment-portfolio size-portfolio wp-post-image\" alt=\"\" loading=\"lazy\" \/><\/a><div class='grid-content'><div class='avia-arrow'><\/div><header class=\"entry-content-header\"><h3 class='grid-entry-title entry-title'  itemprop=\"headline\" ><a href='https:\/\/emerex.com\/es\/piedra-natural\/crema-marbella\/' title='CREMA MARBELLA'>CREMA MARBELLA<\/a><\/h3><\/header><\/div><footer class=\"entry-footer\"><\/footer><\/article><\/div><div data-ajax-id='1841' class=' grid-entry flex_column isotope-item all_sort no_margin post-entry post-entry-1841 grid-entry-overview grid-loop-32 grid-parity-even  marmoles_sort materiales_sort  av_one_third  default_av_fullwidth '><article class='main_color inner-entry'  itemscope=\"itemscope\" itemtype=\"https:\/\/schema.org\/CreativeWork\" ><a href='https:\/\/emerex.com\/es\/piedra-natural\/rojo-fosil\/' title='ROJO FOSIL'  data-rel='grid-1' class='grid-image avia-hover-fx'><img width=\"495\" height=\"400\" src=\"https:\/\/emerex.com\/wp-content\/uploads\/2018\/09\/Rojo-Fosil-495x400.jpg\" class=\"attachment-portfolio size-portfolio wp-post-image\" alt=\"\" loading=\"lazy\" \/><\/a><div class='grid-content'><div class='avia-arrow'><\/div><header class=\"entry-content-header\"><h3 class='grid-entry-title entry-title'  itemprop=\"headline\" ><a href='https:\/\/emerex.com\/es\/piedra-natural\/rojo-fosil\/' title='ROJO FOSIL'>ROJO FOSIL<\/a><\/h3><\/header><\/div><footer class=\"entry-footer\"><\/footer><\/article><\/div><div data-ajax-id='1611' class=' grid-entry flex_column isotope-item all_sort no_margin post-entry post-entry-1611 grid-entry-overview grid-loop-33 grid-parity-odd  post-entry-last  marmoles_sort materiales_sort  av_one_third  default_av_fullwidth '><article class='main_color inner-entry'  itemscope=\"itemscope\" itemtype=\"https:\/\/schema.org\/CreativeWork\" ><a href='https:\/\/emerex.com\/es\/piedra-natural\/rosa-zarci\/' title='ROSA ZARCI'  data-rel='grid-1' class='grid-image avia-hover-fx'><img width=\"495\" height=\"400\" src=\"https:\/\/emerex.com\/wp-content\/uploads\/2018\/09\/Rosa-Zarci-1-495x400.jpg\" class=\"attachment-portfolio size-portfolio wp-post-image\" alt=\"\" loading=\"lazy\" \/><\/a><div class='grid-content'><div class='avia-arrow'><\/div><header class=\"entry-content-header\"><h3 class='grid-entry-title entry-title'  itemprop=\"headline\" ><a href='https:\/\/emerex.com\/es\/piedra-natural\/rosa-zarci\/' title='ROSA ZARCI'>ROSA ZARCI<\/a><\/h3><\/header><\/div><footer class=\"entry-footer\"><\/footer><\/article><\/div><\/div><div class='pagination-wrap pagination-portfolio '><nav class='pagination'><span class='pagination-meta'>P\u00e1gina 1 de 3<\/span><span class='current'>1<\/span><a href='https:\/\/emerex.com\/es\/wp-json\/wp\/v2\/pages\/13\/page\/2\/' class='inactive' >2<\/a><a href='https:\/\/emerex.com\/es\/wp-json\/wp\/v2\/pages\/13\/page\/3\/' class='inactive' >3<\/a><\/nav>\n<\/div><\/div>\n<div style='padding-bottom:10px; margin-bottom:30px; ' class='av-special-heading av-special-heading-h2  blockquote modern-quote   '><h2 class='av-special-heading-tag '  itemprop=\"headline\"  >Selecci\u00f3n de Piedra Natural<\/h2><div class='special-heading-border'><div class='special-heading-inner-border' ><\/div><\/div><\/div>\n<div class=\"flex_column av_two_third  flex_column_div av-zero-column-padding first  \" style='border-radius:0px; '><div class='avia-image-container  av-styling-no-styling  noHover  av-overlay-on-hover    avia-align-center '  itemprop=\"ImageObject\" itemscope=\"itemscope\" itemtype=\"https:\/\/schema.org\/ImageObject\"  ><div class='avia-image-container-inner'><div class='avia-image-overlay-wrap'><a href='https:\/\/emerex.com\/es\/piedranatural\/marmol\/' class='avia_image'  ><div class='av-image-caption-overlay'><div class='av-caption-image-overlay-bg' style='opacity:0.4; background-color:#ffffff; '><\/div><div class='av-image-caption-overlay-position'><div class='av-image-caption-overlay-center' style='color:#ffffff; '><p>M\u00c1RMOLES<\/p>\n<\/div><\/div><\/div><img class='avia_image ' src='https:\/\/emerex.com\/wp-content\/uploads\/2020\/08\/natural-stone_marble-1030x430.jpg' alt='Natural Stone Marble' title='natural-stone_marble'  itemprop=\"thumbnailUrl\"  \/><\/a><\/div><\/div><\/div><\/div>\n<div class=\"flex_column av_one_third  flex_column_div av-zero-column-padding   \" style='border-radius:0px; '><p><div style='padding-bottom:10px; ' class='av-special-heading av-special-heading-h3  blockquote modern-quote modern-centered   '><h3 class='av-special-heading-tag '  itemprop=\"headline\"  >Piedra de M\u00e1rmol<\/h3><div class='special-heading-border'><div class='special-heading-inner-border' ><\/div><\/div><\/div><br \/>\n<section class=\"av_textblock_section \"  itemscope=\"itemscope\" itemtype=\"https:\/\/schema.org\/CreativeWork\" ><div class='avia_textblock  '   itemprop=\"text\" ><p style=\"text-align: center;\">El m\u00e1rmol ha sido la piedra natural m\u00e1s popular desde la \u00e9poca cl\u00e1sica y se considera la m\u00e1s lujosa.<\/p>\n<p style=\"text-align: center;\">Durante siglos ha sido el material estrella utilizado para la construcci\u00f3n de monumentos, esculturas y arquitectura m\u00e1s emblem\u00e1ticos de la historia dado a su belleza, elegancia y longevidad.<\/p>\n<\/div><\/section><br \/>\n<section class=\"av_textblock_section \"  itemscope=\"itemscope\" itemtype=\"https:\/\/schema.org\/CreativeWork\" ><div class='avia_textblock  '  style='font-size:12px; '  itemprop=\"text\" ><p style=\"text-align: center;\"><strong><a href=\"https:\/\/emerex.com\/es\/piedranatural\/marmol\/\">Descubre la Colecci\u00f3n &gt;<\/a><\/strong><\/p>\n<\/div><\/section><\/p><\/div>\n<div class=\"flex_column av_one_third  flex_column_div av-zero-column-padding first  \" style='border-radius:0px; '><p><div style='padding-bottom:10px; ' class='av-special-heading av-special-heading-h3  blockquote modern-quote modern-centered   '><h3 class='av-special-heading-tag '  itemprop=\"headline\"  >Piedra Caliza<\/h3><div class='special-heading-border'><div class='special-heading-inner-border' ><\/div><\/div><\/div><br \/>\n<section class=\"av_textblock_section \"  itemscope=\"itemscope\" itemtype=\"https:\/\/schema.org\/CreativeWork\" ><div class='avia_textblock  '   itemprop=\"text\" ><p style=\"text-align: center;\">La caliza es una piedra natural que aporta una sensaci\u00f3n de armon\u00eda a un espacio, esto se debe a la calidez de sus tonalidades y colores crema.<\/p>\n<p style=\"text-align: center;\">Estas cualidades naturales convierten la caliza en una opci\u00f3n popular no solo para la construcci\u00f3n, sino tambi\u00e9n para el dise\u00f1o de interiores.<\/p>\n<\/div><\/section><br \/>\n<section class=\"av_textblock_section \"  itemscope=\"itemscope\" itemtype=\"https:\/\/schema.org\/CreativeWork\" ><div class='avia_textblock  '  style='font-size:12px; '  itemprop=\"text\" ><p style=\"text-align: center;\"><strong><a href=\"https:\/\/emerex.com\/es\/piedranatural\/caliza\/\">Descubre la Colecci\u00f3n &gt;<\/a><\/strong><\/p>\n<\/div><\/section><\/p><\/div>\n<div class=\"flex_column av_two_third  flex_column_div av-zero-column-padding   \" style='border-radius:0px; '><div class='avia-image-container  av-styling-no-styling  noHover  av-overlay-on-hover    avia-align-center '  itemprop=\"ImageObject\" itemscope=\"itemscope\" itemtype=\"https:\/\/schema.org\/ImageObject\"  ><div class='avia-image-container-inner'><div class='avia-image-overlay-wrap'><a href='https:\/\/emerex.com\/es\/piedranatural\/caliza\/' class='avia_image'  ><div class='av-image-caption-overlay'><div class='av-caption-image-overlay-bg' style='opacity:0.4; background-color:#ffffff; '><\/div><div class='av-image-caption-overlay-position'><div class='av-image-caption-overlay-center' style='color:#ffffff; '><p>CALIZAS<\/p>\n<\/div><\/div><\/div><img class='avia_image ' src='https:\/\/emerex.com\/wp-content\/uploads\/2020\/08\/natural-stone_limestone-670x321.jpg' alt='Natural Stone Limestone' title='natural-stone_limestone'  itemprop=\"thumbnailUrl\"  \/><\/a><\/div><\/div><\/div><\/div>\n<div class=\"flex_column av_two_third  flex_column_div av-zero-column-padding first  \" style='border-radius:0px; '><div class='avia-image-container  av-styling-no-styling  noHover  av-overlay-on-hover    avia-align-center '  itemprop=\"ImageObject\" itemscope=\"itemscope\" itemtype=\"https:\/\/schema.org\/ImageObject\"  ><div class='avia-image-container-inner'><div class='avia-image-overlay-wrap'><a href='https:\/\/emerex.com\/es\/piedranatural\/arenisca\/' class='avia_image'  ><div class='av-image-caption-overlay'><div class='av-caption-image-overlay-bg' style='opacity:0.4; background-color:#ffffff; '><\/div><div class='av-image-caption-overlay-position'><div class='av-image-caption-overlay-center' style='color:#ffffff; '><p>ARENISCAS<\/p>\n<\/div><\/div><\/div><img class='avia_image ' src='https:\/\/emerex.com\/wp-content\/uploads\/2020\/08\/natural-stone_sandstone-640x321.jpg' alt='Natural Stone Sandstone' title='natural-stone_sandstone'  itemprop=\"thumbnailUrl\"  \/><\/a><\/div><\/div><\/div><\/div>\n<div class=\"flex_column av_one_third  flex_column_div av-zero-column-padding   \" style='border-radius:0px; '><p><div style='padding-bottom:10px; ' class='av-special-heading av-special-heading-h3  blockquote modern-quote modern-centered   '><h3 class='av-special-heading-tag '  itemprop=\"headline\"  >Piedra Arenisca<\/h3><div class='special-heading-border'><div class='special-heading-inner-border' ><\/div><\/div><\/div><br \/>\n<section class=\"av_textblock_section \"  itemscope=\"itemscope\" itemtype=\"https:\/\/schema.org\/CreativeWork\" ><div class='avia_textblock  '   itemprop=\"text\" ><p style=\"text-align: center;\">La arenisca es una piedra natural cl\u00e1sica y atemporal. Habr\u00e1s podido observar este material en numerosas ocasiones como elemento principal de fachadas y pavimentos de la arquitectura antigua.<\/p>\n<p style=\"text-align: center;\">Esta piedra posee una sutil belleza y calidez que aporta comodidad y elegancia a cualquier espacio interior o exterior.<\/p>\n<\/div><\/section><br \/>\n<section class=\"av_textblock_section \"  itemscope=\"itemscope\" itemtype=\"https:\/\/schema.org\/CreativeWork\" ><div class='avia_textblock  '  style='font-size:12px; '  itemprop=\"text\" ><p style=\"text-align: center;\"><strong><a href=\"https:\/\/emerex.com\/es\/piedranatural\/arenisca\/\">Descubre la Colecci\u00f3n &gt;<\/a><\/strong><\/p>\n<\/div><\/section><\/p><\/div>\n<div class=\"flex_column av_one_third  flex_column_div av-zero-column-padding first  \" style='border-radius:0px; '><p><div style='padding-bottom:10px; ' class='av-special-heading av-special-heading-h3  blockquote modern-quote modern-centered   '><h3 class='av-special-heading-tag '  itemprop=\"headline\"  >Piedra Coralina<\/h3><div class='special-heading-border'><div class='special-heading-inner-border' ><\/div><\/div><\/div><br \/>\n<section class=\"av_textblock_section \"  itemscope=\"itemscope\" itemtype=\"https:\/\/schema.org\/CreativeWork\" ><div class='avia_textblock  '   itemprop=\"text\" ><p style=\"text-align: center;\">La coralina es una piedra natural compuesta por f\u00f3siles marinos. Los cuales quedan retratados en la superficie en forma de dibujos y patrones, texturas org\u00e1nicas y tonos neutros.<\/p>\n<p style=\"text-align: center;\">Esta singularidad propia y exclusiva de las coralinas hacen que sea una excelente opci\u00f3n para proyectos de dise\u00f1o de interiores y exteriores.<\/p>\n<\/div><\/section><br \/>\n<section class=\"av_textblock_section \"  itemscope=\"itemscope\" itemtype=\"https:\/\/schema.org\/CreativeWork\" ><div class='avia_textblock  '  style='font-size:12px; '  itemprop=\"text\" ><p style=\"text-align: center;\"><strong><a href=\"https:\/\/emerex.com\/es\/piedranatural\/coralina\/\">Descubre la Colecci\u00f3n &gt;<\/a><\/strong><\/p>\n<\/div><\/section><\/p><\/div>\n<div class=\"flex_column av_two_third  flex_column_div av-zero-column-padding   \" style='border-radius:0px; '><div class='avia-image-container  av-styling-no-styling  noHover  av-overlay-on-hover    avia-align-center '  itemprop=\"ImageObject\" itemscope=\"itemscope\" itemtype=\"https:\/\/schema.org\/ImageObject\"  ><div class='avia-image-container-inner'><div class='avia-image-overlay-wrap'><a href='https:\/\/emerex.com\/es\/piedranatural\/coralina\/' class='avia_image'  ><div class='av-image-caption-overlay'><div class='av-caption-image-overlay-bg' style='opacity:0.4; background-color:#ffffff; '><\/div><div class='av-image-caption-overlay-position'><div class='av-image-caption-overlay-center' style='color:#ffffff; '><p>CORALINAS<\/p>\n<\/div><\/div><\/div><img class='avia_image ' src='https:\/\/emerex.com\/wp-content\/uploads\/2020\/08\/natural-stone_shellstone-640x321.jpg' alt='Natural Stone Shellstone' title='natural-stone_shellstone'  itemprop=\"thumbnailUrl\"  \/><\/a><\/div><\/div><\/div><\/div>\n<div class=\"flex_column av_two_third  flex_column_div av-zero-column-padding first  \" style='border-radius:0px; '><div class='avia-image-container  av-styling-no-styling  noHover  av-overlay-on-hover    avia-align-center '  itemprop=\"ImageObject\" itemscope=\"itemscope\" itemtype=\"https:\/\/schema.org\/ImageObject\"  ><div class='avia-image-container-inner'><div class='avia-image-overlay-wrap'><a href='https:\/\/emerex.com\/es\/piedranatural\/alabastro\/' class='avia_image'  ><div class='av-image-caption-overlay'><div class='av-caption-image-overlay-bg' style='opacity:0.4; background-color:#ffffff; '><\/div><div class='av-image-caption-overlay-position'><div class='av-image-caption-overlay-center' style='color:#ffffff; '><p>ALABASTROS<\/p>\n<\/div><\/div><\/div><img class='avia_image ' src='https:\/\/emerex.com\/wp-content\/uploads\/2020\/08\/natural-stone_alabaster-640x321.jpg' alt='Natural Stone Alabaster' title='natural-stone_alabaster'  itemprop=\"thumbnailUrl\"  \/><\/a><\/div><\/div><\/div><\/div>\n<div class=\"flex_column av_one_third  flex_column_div av-zero-column-padding   \" style='border-radius:0px; '><p><div style='padding-bottom:10px; ' class='av-special-heading av-special-heading-h3  blockquote modern-quote modern-centered   '><h3 class='av-special-heading-tag '  itemprop=\"headline\"  >Piedra de Alabastro<\/h3><div class='special-heading-border'><div class='special-heading-inner-border' ><\/div><\/div><\/div><br \/>\n<section class=\"av_textblock_section \"  itemscope=\"itemscope\" itemtype=\"https:\/\/schema.org\/CreativeWork\" ><div class='avia_textblock  '   itemprop=\"text\" ><p style=\"text-align: center;\">Las propiedades transl\u00facidas de esta piedra le otorgan su individualidad y encanto. El alabastro deja pasar la luz creando una experiencia visual \u00fanica.<\/p>\n<p style=\"text-align: center;\">Esta piedra natural es un material decorativo que garantiza elevar cualquier proyecto, espacio o dise\u00f1o a un acabado cautivador.<\/p>\n<\/div><\/section><br \/>\n<section class=\"av_textblock_section \"  itemscope=\"itemscope\" itemtype=\"https:\/\/schema.org\/CreativeWork\" ><div class='avia_textblock  '  style='font-size:12px; '  itemprop=\"text\" ><p style=\"text-align: center;\"><strong><a href=\"https:\/\/emerex.com\/es\/piedranatural\/alabastro\/\">Descubre la Colecci\u00f3n &gt;<\/a><\/strong><\/p>\n<\/div><\/section><\/p><\/div><div class=\"flex_column av_one_third  flex_column_div av-zero-column-padding first  \" style='border-radius:0px; '><p><div style='padding-bottom:10px; ' class='av-special-heading av-special-heading-h3  blockquote modern-quote modern-centered   '><h3 class='av-special-heading-tag '  itemprop=\"headline\"  >Piedra de Travertino<\/h3><div class='special-heading-border'><div class='special-heading-inner-border' ><\/div><\/div><\/div><br \/>\n<section class=\"av_textblock_section \"  itemscope=\"itemscope\" itemtype=\"https:\/\/schema.org\/CreativeWork\" ><div class='avia_textblock  '   itemprop=\"text\" ><p style=\"text-align: center;\">Esta vers\u00e1til piedra natural se ha utilizado en la construcci\u00f3n desde la antigua Roma. Tiene una composici\u00f3n mineral que da lugar a tonos vivos y veteados llamativos.<\/p>\n<p style=\"text-align: center;\">La belleza decadente de la piedra de travertino puede tener muchas aplicaciones, desde lujosas paredes y columnas hasta audaces acentos ornamentales.<\/p>\n<\/div><\/section><br \/>\n<section class=\"av_textblock_section \"  itemscope=\"itemscope\" itemtype=\"https:\/\/schema.org\/CreativeWork\" ><div class='avia_textblock  '  style='font-size:12px; '  itemprop=\"text\" ><p style=\"text-align: center;\"><strong><a href=\"https:\/\/emerex.com\/es\/piedranatural\/travertino\/\">Descubre la Colecci\u00f3n &gt;<\/a><\/strong><\/p>\n<\/div><\/section><\/p><\/div><div class=\"flex_column av_two_third  flex_column_div av-zero-column-padding   \" style='border-radius:0px; '><div class='avia-image-container  av-styling-no-styling  noHover  av-overlay-on-hover    avia-align-center '  itemprop=\"ImageObject\" itemscope=\"itemscope\" itemtype=\"https:\/\/schema.org\/ImageObject\"  ><div class='avia-image-container-inner'><div class='avia-image-overlay-wrap'><a href='https:\/\/emerex.com\/es\/piedranatural\/travertino\/' class='avia_image'  ><div class='av-image-caption-overlay'><div class='av-caption-image-overlay-bg' style='opacity:0.4; background-color:#ffffff; '><\/div><div class='av-image-caption-overlay-position'><div class='av-image-caption-overlay-center' style='color:#ffffff; '><p>TRAVERTINOS<\/p>\n<\/div><\/div><\/div><img class='avia_image ' src='https:\/\/emerex.com\/wp-content\/uploads\/2020\/08\/natural-stone_travertine-640x321.jpg' alt='Natural Stone Travertine' title='natural-stone_travertine'  itemprop=\"thumbnailUrl\"  \/><\/a><\/div><\/div><\/div><\/div><\/p>\n","protected":false},"excerpt":{"rendered":"","protected":false},"author":1,"featured_media":0,"parent":0,"menu_order":0,"comment_status":"closed","ping_status":"closed","template":"","meta":[],"yoast_head":"<!-- This site is optimized with the Yoast SEO plugin v16.1.1 - https:\/\/yoast.com\/wordpress\/plugins\/seo\/ -->\n<title>Piedra Natural - Crema Marfil. Marmoles Emerex. Losas 1 cm<\/title>\n<link rel=\"canonical\" href=\"https:\/\/emerex.com\/es\/piedranatural\/\" \/>\n<meta property=\"og:locale\" content=\"es_ES\" \/>\n<meta property=\"og:type\" content=\"article\" \/>\n<meta property=\"og:title\" content=\"Piedra Natural - Crema Marfil. Marmoles Emerex. Losas 1 cm\" \/>\n<meta property=\"og:url\" content=\"https:\/\/emerex.com\/es\/piedranatural\/\" \/>\n<meta property=\"og:site_name\" content=\"Crema Marfil. Marmoles Emerex. Losas 1 cm\" \/>\n<meta property=\"article:modified_time\" content=\"2021-05-13T11:56:42+00:00\" \/>\n<meta name=\"twitter:card\" content=\"summary\" \/>\n<meta name=\"twitter:label1\" content=\"Tiempo de lectura\">\n\t<meta name=\"twitter:data1\" content=\"14 minutos\">\n<script type=\"application\/ld+json\" class=\"yoast-schema-graph\">{\"@context\":\"https:\/\/schema.org\",\"@graph\":[{\"@type\":\"WebSite\",\"@id\":\"https:\/\/emerex.com\/es\/#website\",\"url\":\"https:\/\/emerex.com\/es\/\",\"name\":\"Crema Marfil. Marmoles Emerex. Losas 1 cm\",\"description\":\"Losas finas marmol natural. Crema Marfil\",\"potentialAction\":[{\"@type\":\"SearchAction\",\"target\":\"https:\/\/emerex.com\/es\/?s={search_term_string}\",\"query-input\":\"required name=search_term_string\"}],\"inLanguage\":\"es\"},{\"@type\":\"WebPage\",\"@id\":\"https:\/\/emerex.com\/es\/piedranatural\/#webpage\",\"url\":\"https:\/\/emerex.com\/es\/piedranatural\/\",\"name\":\"Piedra Natural - Crema Marfil. Marmoles Emerex. Losas 1 cm\",\"isPartOf\":{\"@id\":\"https:\/\/emerex.com\/es\/#website\"},\"datePublished\":\"2016-01-14T17:20:43+00:00\",\"dateModified\":\"2021-05-13T11:56:42+00:00\",\"breadcrumb\":{\"@id\":\"https:\/\/emerex.com\/es\/piedranatural\/#breadcrumb\"},\"inLanguage\":\"es\",\"potentialAction\":[{\"@type\":\"ReadAction\",\"target\":[\"https:\/\/emerex.com\/es\/piedranatural\/\"]}]},{\"@type\":\"BreadcrumbList\",\"@id\":\"https:\/\/emerex.com\/es\/piedranatural\/#breadcrumb\",\"itemListElement\":[{\"@type\":\"ListItem\",\"position\":1,\"item\":{\"@type\":\"WebPage\",\"@id\":\"https:\/\/emerex.com\/es\/\",\"url\":\"https:\/\/emerex.com\/es\/\",\"name\":\"Portada\"}},{\"@type\":\"ListItem\",\"position\":2,\"item\":{\"@type\":\"WebPage\",\"@id\":\"https:\/\/emerex.com\/es\/piedranatural\/\",\"url\":\"https:\/\/emerex.com\/es\/piedranatural\/\",\"name\":\"Piedra Natural\"}}]}]}<\/script>\n<!-- \/ Yoast SEO plugin. -->","_links":{"self":[{"href":"https:\/\/emerex.com\/es\/wp-json\/wp\/v2\/pages\/13\/"}],"collection":[{"href":"https:\/\/emerex.com\/es\/wp-json\/wp\/v2\/pages\/"}],"about":[{"href":"https:\/\/emerex.com\/es\/wp-json\/wp\/v2\/types\/page\/"}],"author":[{"embeddable":true,"href":"https:\/\/emerex.com\/es\/wp-json\/wp\/v2\/users\/1\/"}],"replies":[{"embeddable":true,"href":"https:\/\/emerex.com\/es\/wp-json\/wp\/v2\/comments\/?post=13"}],"version-history":[{"count":68,"href":"https:\/\/emerex.com\/es\/wp-json\/wp\/v2\/pages\/13\/revisions\/"}],"predecessor-version":[{"id":3939,"href":"https:\/\/emerex.com\/es\/wp-json\/wp\/v2\/pages\/13\/revisions\/3939\/"}],"wp:attachment":[{"href":"https:\/\/emerex.com\/es\/wp-json\/wp\/v2\/media\/?parent=13"}],"curies":[{"name":"wp","href":"https:\/\/api.w.org\/{rel}","templated":true}]}}